{"id":40,"date":"2015-10-31T21:40:14","date_gmt":"2015-10-31T20:40:14","guid":{"rendered":"http:\/\/test.galeriehannabekkervomrath.de\/?page_id=40"},"modified":"2025-01-24T12:42:02","modified_gmt":"2025-01-24T11:42:02","slug":"kuenstlerliste","status":"publish","type":"page","link":"https:\/\/www.galeriehannabekkervomrath.de\/en\/kuenstlerliste\/","title":{"rendered":"ARTISTS OF THE GALLERY"},"content":{"rendered":"<div class=\"wpb-content-wrapper\"><div data-min-height=\"60%\" class=\"vc_row wpb_row vc_row-fluid dt-default\" style=\"margin-top: 10px;margin-bottom: 0px\"><div class=\"wpb_column vc_column_container vc_col-sm-3\"><div class=\"vc_column-inner\"><div class=\"wpb_wrapper\">\n\t<div class=\"wpb_text_column wpb_content_element\" >\n\t\t<div class=\"wpb_wrapper\">\n\t\t\t<h4><a href=\"https:\/\/www.galeriehannabekkervomrath.de\/en\/rudolf-alexander-agricola\/\">Rudolf Alexander<strong> Agricola \u00a0 \u00a0 <\/strong><\/a><\/h4>\n<h4><a href=\"https:\/\/www.galeriehannabekkervomrath.de\/en\/gabriele-aulehla\/\">Gabriele <strong>Aulehla \u00a0 \u00a0 <\/strong>\u00a0 <\/a><\/h4>\n<h4><a href=\"https:\/\/www.galeriehannabekkervomrath.de\/en\/heinz-battke\/\">Heinz <strong>Battke \u00a0 \u00a0 \u00a0 <\/strong><\/a><\/h4>\n<h4><a href=\"https:\/\/www.galeriehannabekkervomrath.de\/en\/haralddebary\/\">Harald<strong> de Bary \u00a0\u00a0 \u00a0<\/strong><\/a><\/h4>\n<h4><a href=\"https:\/\/www.galeriehannabekkervomrath.de\/en\/helene-de-beauvoir\/\">H\u00e9l\u00e8ne <strong>de Beauvoir \u00a0 \u00a0 \u00a0<\/strong><\/a><\/h4>\n<h4><a href=\"https:\/\/www.galeriehannabekkervomrath.de\/en\/hanna-bekker\/\">Hanna<strong> Bekker<\/strong> \u00a0 \u00a0 \u00a0 <\/a><\/h4>\n<h4><a href=\"https:\/\/www.galeriehannabekkervomrath.de\/en\/ebm\/\">Ella <strong>Bergmann-Michel<\/strong> \u00a0 \u00a0 \u00a0 <\/a><\/h4>\n<h4><a href=\"https:\/\/www.galeriehannabekkervomrath.de\/en\/maraeggert\/\">Mara <strong>Eggert \u00a0 \u00a0 \u00a0<\/strong><\/a><\/h4>\n<h4><a href=\"https:\/\/www.galeriehannabekkervomrath.de\/en\/roberto-fabelo\/\">Roberto <strong>Fabelo<\/strong> \u00a0 \u00a0 \u00a0 <\/a><\/h4>\n<h4><a href=\"https:\/\/www.galeriehannabekkervomrath.de\/en\/alexander-von-falkenhausen\/\">Alexander <strong>from Falkenhausen<\/strong> <\/a><\/h4>\n<h4><a href=\"https:\/\/www.galeriehannabekkervomrath.de\/en\/gassenmeyer\/\">Ottomar <strong>Gassenmeyer<\/strong> \u00a0 \u00a0\u00a0 <\/a><\/h4>\n\n\t\t<\/div>\n\t<\/div>\n<\/div><\/div><\/div><div class=\"wpb_column vc_column_container vc_col-sm-3\"><div class=\"vc_column-inner\"><div class=\"wpb_wrapper\">\n\t<div class=\"wpb_text_column wpb_content_element\" >\n\t\t<div class=\"wpb_wrapper\">\n\t\t\t<h4><a href=\"https:\/\/www.galeriehannabekkervomrath.de\/en\/geyger-2\/\">Johann Georg <strong>Geyger \u00a0 \u00a0 \u00a0 <\/strong><\/a><\/h4>\n<h4><a href=\"https:\/\/www.galeriehannabekkervomrath.de\/en\/ev-grueger\/\">Ev <strong>Gr\u00fcger \u00a0 \u00a0 \u00a0 <\/strong><\/a><\/h4>\n<h4><a href=\"https:\/\/www.galeriehannabekkervomrath.de\/en\/ivo-hauptmann\/\">Ivo <strong>Captain<\/strong> \u00a0 \u00a0 \u00a0 <\/a><\/h4>\n<h4><a href=\"https:\/\/www.galeriehannabekkervomrath.de\/en\/georg-heck\/\">George <strong>Tail \u00a0 \u00a0 \u00a0 <\/strong><\/a><\/h4>\n<h4><a href=\"https:\/\/www.galeriehannabekkervomrath.de\/en\/heidelbach\/\">Charles <strong>Heidelbach \u00a0 \u00a0 \u00a0 <\/strong><\/a><\/h4>\n<h4><a href=\"https:\/\/www.galeriehannabekkervomrath.de\/en\/maria-von-heider-schweinitz-2\/\">Mary<strong> from Heider-Schweinitz<\/strong><\/a><\/h4>\n<h4><a href=\"https:\/\/www.galeriehannabekkervomrath.de\/en\/holgerherrmann\/\">Holger <strong>Herrmann<\/strong> \u00a0 \u00a0 \u00a0 <\/a><\/h4>\n<h4><a href=\"https:\/\/www.galeriehannabekkervomrath.de\/en\/holmead\/\"><strong>HOLMEAD<\/strong> \u00a0 \u00a0 \u00a0 <\/a><\/h4>\n<h4><a href=\"https:\/\/www.galeriehannabekkervomrath.de\/en\/robert-kluempen\/\">Robert <strong>Lumps<\/strong> \u00a0 \u00a0 \u00a0 <\/a><\/h4>\n<h4><a href=\"https:\/\/www.galeriehannabekkervomrath.de\/en\/florian-koehler\/\">Florian <strong>Charcoal burner<\/strong> \u00a0 \u00a0 \u00a0 <\/a><\/h4>\n<h4><a href=\"https:\/\/www.galeriehannabekkervomrath.de\/en\/doro-koidl-2\/\">Doro <strong>Koidl<\/strong> \u00a0 \u00a0 \u00a0 <\/a><\/h4>\n<h4><a href=\"https:\/\/www.galeriehannabekkervomrath.de\/en\/oskar-kolb\/\">Oscar <strong>Kolb<\/strong> \u00a0 \u00a0\u00a0 <\/a><\/h4>\n\n\t\t<\/div>\n\t<\/div>\n<\/div><\/div><\/div><div class=\"wpb_column vc_column_container vc_col-sm-3\"><div class=\"vc_column-inner\"><div class=\"wpb_wrapper\">\n\t<div class=\"wpb_text_column wpb_content_element\" >\n\t\t<div class=\"wpb_wrapper\">\n\t\t\t<h4><a href=\"https:\/\/www.galeriehannabekkervomrath.de\/en\/karl-kunz\/\">Charles <strong>Kunz \u00a0 \u00a0 \u00a0 <\/strong><\/a><\/h4>\n<h4><a href=\"https:\/\/www.galeriehannabekkervomrath.de\/en\/juliane-lenzer\/\">Juliane <strong>Lenzer<\/strong> \u00a0 \u00a0 \u00a0 <\/a><\/h4>\n<h4><a href=\"https:\/\/www.galeriehannabekkervomrath.de\/en\/ludwig-meidner\/\">Ludwig <strong>Meidner<\/strong> \u00a0 \u00a0 \u00a0 <\/a><\/h4>\n<h4><a href=\"https:\/\/www.galeriehannabekkervomrath.de\/en\/willy-meyer-osburg\/\">Willy <strong>Meyer-Osburg<\/strong> \u00a0 \u00a0 \u00a0 <\/a><\/h4>\n<h4><a href=\"https:\/\/www.galeriehannabekkervomrath.de\/en\/michael-mohr\/\">Michael <strong>Moor<\/strong><\/a><\/h4>\n<h4><a href=\"https:\/\/www.galeriehannabekkervomrath.de\/en\/stefan-plenkers-2\/\">Stefan <strong>Plenkers<\/strong> \u00a0 \u00a0 \u00a0 <\/a><\/h4>\n<h4><a href=\"https:\/\/www.galeriehannabekkervomrath.de\/en\/wanda-pratschke\/\">Wanda <strong>Pratschke<\/strong> \u00a0 \u00a0 \u00a0 <\/a><\/h4>\n<h4><a href=\"https:\/\/www.galeriehannabekkervomrath.de\/en\/rosa-von-praunheim-3\/\">Pink <strong>from Praunheim<\/strong> \u00a0 \u00a0 \u00a0 <\/a><\/h4>\n<h4><a href=\"https:\/\/www.galeriehannabekkervomrath.de\/en\/karin-radoy\/\">Karin <strong>Radoy \u00a0 \u00a0 \u00a0 <\/strong><\/a><\/h4>\n<h4><a href=\"https:\/\/www.galeriehannabekkervomrath.de\/en\/thomas-roth\/\">T<\/a><a href=\"https:\/\/www.galeriehannabekkervomrath.de\/en\/thomas-roth\/\">homas <strong>Roth<\/strong> \u00a0 \u00a0 \u00a0 <\/a><\/h4>\n<h4><a href=\"https:\/\/www.galeriehannabekkervomrath.de\/en\/renate-sautermeister\/\">Renate <strong>Sautermeister<\/strong> \u00a0 \u00a0 \u00a0 <\/a><\/h4>\n<h4><a href=\"https:\/\/www.galeriehannabekkervomrath.de\/en\/christa-von-schnitzler\/\">Christa <strong>from Schnitzler<\/strong> \u00a0 \u00a0\u00a0 <\/a><\/h4>\n\n\t\t<\/div>\n\t<\/div>\n<\/div><\/div><\/div><div class=\"wpb_column vc_column_container vc_col-sm-3\"><div class=\"vc_column-inner\"><div class=\"wpb_wrapper\">\n\t<div class=\"wpb_text_column wpb_content_element\" >\n\t\t<div class=\"wpb_wrapper\">\n\t\t\t<h4><a href=\"https:\/\/www.galeriehannabekkervomrath.de\/en\/marco-spitzar\/\">Marco<strong> Spitzar<\/strong> \u00a0 \u00a0 \u00a0 <\/a><\/h4>\n<h4><a href=\"https:\/\/www.galeriehannabekkervomrath.de\/en\/beatrice-steimer\/\">B\u00e9atrice<strong> Steimer<\/strong> \u00a0 \u00a0 \u00a0 <\/a><\/h4>\n<h4><a href=\"https:\/\/www.galeriehannabekkervomrath.de\/en\/eberhard-steneberg\/\">Eberhard <strong>Steneberg<\/strong> \u00a0 \u00a0 \u00a0 <\/a><\/h4>\n<h4><a href=\"https:\/\/www.galeriehannabekkervomrath.de\/en\/stoll\/\">Artur<strong> Stoll \u00a0 \u00a0 \u00a0 <\/strong><\/a><\/h4>\n<h4><a href=\"https:\/\/www.galeriehannabekkervomrath.de\/en\/hans-ticha\/\">Hans <strong>Ticha<\/strong> \u00a0 \u00a0 \u00a0 <\/a><\/h4>\n<h4><a href=\"https:\/\/www.galeriehannabekkervomrath.de\/en\/karl-tratt\/\">Charles <strong>Tratt<\/strong> \u00a0 \u00a0 \u00a0 <\/a><\/h4>\n<h4><a href=\"https:\/\/www.galeriehannabekkervomrath.de\/en\/anna-tretter\/\">Anna <strong>Tretter<\/strong> \u00a0 \u00a0 \u00a0 <\/a><\/h4>\n<h4><a href=\"https:\/\/www.galeriehannabekkervomrath.de\/en\/christoph-voll\/\">Christopher <strong>Full<\/strong> \u00a0 \u00a0 \u00a0 <\/a><\/h4>\n<h4><a href=\"https:\/\/www.galeriehannabekkervomrath.de\/en\/winand-victor\/\">Winand <strong>Victor<\/strong> \u00a0 \u00a0 \u00a0 <\/a><\/h4>\n<h4><a href=\"https:\/\/www.galeriehannabekkervomrath.de\/en\/ernst-weil\/\">Serious <strong>Because<\/strong> \u00a0 \u00a0 \u00a0 <\/a><\/h4>\n<h4><a href=\"https:\/\/www.galeriehannabekkervomrath.de\/en\/erich-werner\/\">Erich <strong>Werner<\/strong><\/a><\/h4>\n\n\t\t<\/div>\n\t<\/div>\n<\/div><\/div><\/div><\/div><div data-min-height=\"60%\" class=\"vc_row wpb_row vc_row-fluid dt-default\" style=\"margin-top: 10px;margin-bottom: 0px\"><div class=\"wpb_column vc_column_container vc_col-sm-12\"><div class=\"vc_column-inner\"><div class=\"wpb_wrapper\"><div class=\"vc_separator wpb_content_element vc_separator_align_center vc_sep_width_100 vc_sep_pos_align_center vc_separator_no_text vc_sep_color_grey wpb_content_element  wpb_content_element\" ><span class=\"vc_sep_holder vc_sep_holder_l\"><span class=\"vc_sep_line\"><\/span><\/span><span class=\"vc_sep_holder vc_sep_holder_r\"><span class=\"vc_sep_line\"><\/span><\/span>\n<\/div><\/div><\/div><\/div><\/div><div class=\"vc_row wpb_row vc_row-fluid dt-default\" style=\"margin-top: 0px;margin-bottom: 0px\"><div class=\"wpb_column vc_column_container vc_col-sm-2\"><div class=\"vc_column-inner\"><div class=\"wpb_wrapper\">\n\t<div class=\"wpb_text_column wpb_content_element\" >\n\t\t<div class=\"wpb_wrapper\">\n\t\t\t<h1><a href=\"https:\/\/www.galeriehannabekkervomrath.de\/en\/rudolf-alexander-agricola\/\">Rudolf Alexander Agricola<\/a><\/h1>\n<p><img loading=\"lazy\" decoding=\"async\" class=\"alignnone wp-image-5870\" src=\"https:\/\/www.galeriehannabekkervomrath.de\/wp-content\/uploads\/Agricola-Huhn-2-134x150.jpg\" alt=\"\" width=\"240\" height=\"269\" srcset=\"https:\/\/www.galeriehannabekkervomrath.de\/wp-content\/uploads\/Agricola-Huhn-2-134x150.jpg 134w, https:\/\/www.galeriehannabekkervomrath.de\/wp-content\/uploads\/Agricola-Huhn-2-358x400.jpg 358w, https:\/\/www.galeriehannabekkervomrath.de\/wp-content\/uploads\/Agricola-Huhn-2-985x1100.jpg 985w, https:\/\/www.galeriehannabekkervomrath.de\/wp-content\/uploads\/Agricola-Huhn-2-768x858.jpg 768w, https:\/\/www.galeriehannabekkervomrath.de\/wp-content\/uploads\/Agricola-Huhn-2-1375x1536.jpg 1375w, https:\/\/www.galeriehannabekkervomrath.de\/wp-content\/uploads\/Agricola-Huhn-2-1834x2048.jpg 1834w, https:\/\/www.galeriehannabekkervomrath.de\/wp-content\/uploads\/Agricola-Huhn-2-11x12.jpg 11w, https:\/\/www.galeriehannabekkervomrath.de\/wp-content\/uploads\/Agricola-Huhn-2-1320x1474.jpg 1320w, https:\/\/www.galeriehannabekkervomrath.de\/wp-content\/uploads\/Agricola-Huhn-2-scaled.jpg 1200w\" sizes=\"auto, (max-width: 240px) 100vw, 240px\" \/><\/p>\n\n\t\t<\/div>\n\t<\/div>\n\n\t<div class=\"wpb_text_column wpb_content_element\" >\n\t\t<div class=\"wpb_wrapper\">\n\t\t\t<h1><a href=\"https:\/\/www.galeriehannabekkervomrath.de\/en\/ebm\/\">Ella Bergmann-Michel<\/a><\/h1>\n<p><img loading=\"lazy\" decoding=\"async\" class=\"size-medium wp-image-5199\" src=\"https:\/\/www.galeriehannabekkervomrath.de\/wp-content\/uploads\/EBM_BL-333x400.jpg\" alt=\"Ella Bergmann-Michel\" width=\"333\" height=\"400\" srcset=\"https:\/\/www.galeriehannabekkervomrath.de\/wp-content\/uploads\/EBM_BL-333x400.jpg 333w, https:\/\/www.galeriehannabekkervomrath.de\/wp-content\/uploads\/EBM_BL-916x1100.jpg 916w, https:\/\/www.galeriehannabekkervomrath.de\/wp-content\/uploads\/EBM_BL-125x150.jpg 125w, https:\/\/www.galeriehannabekkervomrath.de\/wp-content\/uploads\/EBM_BL-768x922.jpg 768w, https:\/\/www.galeriehannabekkervomrath.de\/wp-content\/uploads\/EBM_BL-10x12.jpg 10w, https:\/\/www.galeriehannabekkervomrath.de\/wp-content\/uploads\/EBM_BL.jpg 1249w\" sizes=\"auto, (max-width: 333px) 100vw, 333px\" \/><\/p>\n\n\t\t<\/div>\n\t<\/div>\n\n\t<div class=\"wpb_text_column wpb_content_element\" >\n\t\t<div class=\"wpb_wrapper\">\n\t\t\t<h1><a href=\"https:\/\/www.galeriehannabekkervomrath.de\/en\/ivo-hauptmann\/\">Ivo Hauptmann<\/a><\/h1>\n<p><img loading=\"lazy\" decoding=\"async\" class=\"alignnone size-medium wp-image-5880\" src=\"https:\/\/www.galeriehannabekkervomrath.de\/wp-content\/uploads\/IvoHauptmann-Rote-Tulpen-1965-Aquarell-1-322x400.jpg\" alt=\"\" width=\"322\" height=\"400\" srcset=\"https:\/\/www.galeriehannabekkervomrath.de\/wp-content\/uploads\/IvoHauptmann-Rote-Tulpen-1965-Aquarell-1-322x400.jpg 322w, https:\/\/www.galeriehannabekkervomrath.de\/wp-content\/uploads\/IvoHauptmann-Rote-Tulpen-1965-Aquarell-1-885x1100.jpg 885w, https:\/\/www.galeriehannabekkervomrath.de\/wp-content\/uploads\/IvoHauptmann-Rote-Tulpen-1965-Aquarell-1-121x150.jpg 121w, https:\/\/www.galeriehannabekkervomrath.de\/wp-content\/uploads\/IvoHauptmann-Rote-Tulpen-1965-Aquarell-1-768x954.jpg 768w, https:\/\/www.galeriehannabekkervomrath.de\/wp-content\/uploads\/IvoHauptmann-Rote-Tulpen-1965-Aquarell-1-10x12.jpg 10w, https:\/\/www.galeriehannabekkervomrath.de\/wp-content\/uploads\/IvoHauptmann-Rote-Tulpen-1965-Aquarell-1.jpg 1200w\" sizes=\"auto, (max-width: 322px) 100vw, 322px\" \/><\/p>\n\n\t\t<\/div>\n\t<\/div>\n\n\t<div class=\"wpb_text_column wpb_content_element\" >\n\t\t<div class=\"wpb_wrapper\">\n\t\t\t<h1><a href=\"https:\/\/www.galeriehannabekkervomrath.de\/en\/florian-koehler\/\">Florian K\u00f6hler<\/a><\/h1>\n<p><img loading=\"lazy\" decoding=\"async\" class=\"alignnone size-medium wp-image-5885\" src=\"https:\/\/www.galeriehannabekkervomrath.de\/wp-content\/uploads\/FlorianKoehlerOHNETITELFrauenportrait-auf-gestreiftem-Sessel-1972-1-307x400.jpg\" alt=\"\" width=\"307\" height=\"400\" srcset=\"https:\/\/www.galeriehannabekkervomrath.de\/wp-content\/uploads\/FlorianKoehlerOHNETITELFrauenportrait-auf-gestreiftem-Sessel-1972-1-307x400.jpg 307w, https:\/\/www.galeriehannabekkervomrath.de\/wp-content\/uploads\/FlorianKoehlerOHNETITELFrauenportrait-auf-gestreiftem-Sessel-1972-1-844x1100.jpg 844w, https:\/\/www.galeriehannabekkervomrath.de\/wp-content\/uploads\/FlorianKoehlerOHNETITELFrauenportrait-auf-gestreiftem-Sessel-1972-1-115x150.jpg 115w, https:\/\/www.galeriehannabekkervomrath.de\/wp-content\/uploads\/FlorianKoehlerOHNETITELFrauenportrait-auf-gestreiftem-Sessel-1972-1-768x1001.jpg 768w, https:\/\/www.galeriehannabekkervomrath.de\/wp-content\/uploads\/FlorianKoehlerOHNETITELFrauenportrait-auf-gestreiftem-Sessel-1972-1-1178x1536.jpg 1178w, https:\/\/www.galeriehannabekkervomrath.de\/wp-content\/uploads\/FlorianKoehlerOHNETITELFrauenportrait-auf-gestreiftem-Sessel-1972-1-1571x2048.jpg 1571w, https:\/\/www.galeriehannabekkervomrath.de\/wp-content\/uploads\/FlorianKoehlerOHNETITELFrauenportrait-auf-gestreiftem-Sessel-1972-1-9x12.jpg 9w, https:\/\/www.galeriehannabekkervomrath.de\/wp-content\/uploads\/FlorianKoehlerOHNETITELFrauenportrait-auf-gestreiftem-Sessel-1972-1-1320x1721.jpg 1320w, https:\/\/www.galeriehannabekkervomrath.de\/wp-content\/uploads\/FlorianKoehlerOHNETITELFrauenportrait-auf-gestreiftem-Sessel-1972-1-scaled.jpg 1200w\" sizes=\"auto, (max-width: 307px) 100vw, 307px\" \/><\/p>\n\n\t\t<\/div>\n\t<\/div>\n\n\t<div class=\"wpb_text_column wpb_content_element\" >\n\t\t<div class=\"wpb_wrapper\">\n\t\t\t<h1><a href=\"https:\/\/www.galeriehannabekkervomrath.de\/en\/michael-mohr\/\">Michael Mohr<\/a><\/h1>\n<p><img loading=\"lazy\" decoding=\"async\" class=\"wp-image-6727\" src=\"https:\/\/www.galeriehannabekkervomrath.de\/wp-content\/uploads\/Mohr-13.02.2018_0223_1.Korr_.frei_-113x150.jpg\" alt=\"\" width=\"188\" height=\"250\" srcset=\"https:\/\/www.galeriehannabekkervomrath.de\/wp-content\/uploads\/Mohr-13.02.2018_0223_1.Korr_.frei_-113x150.jpg 113w, https:\/\/www.galeriehannabekkervomrath.de\/wp-content\/uploads\/Mohr-13.02.2018_0223_1.Korr_.frei_-302x400.jpg 302w, https:\/\/www.galeriehannabekkervomrath.de\/wp-content\/uploads\/Mohr-13.02.2018_0223_1.Korr_.frei_-830x1100.jpg 830w, https:\/\/www.galeriehannabekkervomrath.de\/wp-content\/uploads\/Mohr-13.02.2018_0223_1.Korr_.frei_-768x1018.jpg 768w, https:\/\/www.galeriehannabekkervomrath.de\/wp-content\/uploads\/Mohr-13.02.2018_0223_1.Korr_.frei_-1159x1536.jpg 1159w, https:\/\/www.galeriehannabekkervomrath.de\/wp-content\/uploads\/Mohr-13.02.2018_0223_1.Korr_.frei_-1546x2048.jpg 1546w, https:\/\/www.galeriehannabekkervomrath.de\/wp-content\/uploads\/Mohr-13.02.2018_0223_1.Korr_.frei_-9x12.jpg 9w, https:\/\/www.galeriehannabekkervomrath.de\/wp-content\/uploads\/Mohr-13.02.2018_0223_1.Korr_.frei_-1320x1749.jpg 1320w, https:\/\/www.galeriehannabekkervomrath.de\/wp-content\/uploads\/Mohr-13.02.2018_0223_1.Korr_.frei_-scaled.jpg 1200w\" sizes=\"auto, (max-width: 188px) 100vw, 188px\" \/><\/p>\n<p>&nbsp;<\/p>\n\n\t\t<\/div>\n\t<\/div>\n\n\t<div class=\"wpb_text_column wpb_content_element\" >\n\t\t<div class=\"wpb_wrapper\">\n\t\t\t<h1><a href=\"https:\/\/www.galeriehannabekkervomrath.de\/en\/stefan-plenkers-2\/\">Stefan Plenkers<\/a><\/h1>\n<p><img loading=\"lazy\" decoding=\"async\" class=\"alignnone size-medium wp-image-5891\" src=\"https:\/\/www.galeriehannabekkervomrath.de\/wp-content\/uploads\/Der_Chinesische_Stempel-400x370.jpg\" alt=\"\" width=\"400\" height=\"370\" srcset=\"https:\/\/www.galeriehannabekkervomrath.de\/wp-content\/uploads\/Der_Chinesische_Stempel-400x370.jpg 400w, https:\/\/www.galeriehannabekkervomrath.de\/wp-content\/uploads\/Der_Chinesische_Stempel-1100x1018.jpg 1100w, https:\/\/www.galeriehannabekkervomrath.de\/wp-content\/uploads\/Der_Chinesische_Stempel-162x150.jpg 162w, https:\/\/www.galeriehannabekkervomrath.de\/wp-content\/uploads\/Der_Chinesische_Stempel-768x711.jpg 768w, https:\/\/www.galeriehannabekkervomrath.de\/wp-content\/uploads\/Der_Chinesische_Stempel-1536x1421.jpg 1536w, https:\/\/www.galeriehannabekkervomrath.de\/wp-content\/uploads\/Der_Chinesische_Stempel-2048x1895.jpg 2048w, https:\/\/www.galeriehannabekkervomrath.de\/wp-content\/uploads\/Der_Chinesische_Stempel-13x12.jpg 13w, https:\/\/www.galeriehannabekkervomrath.de\/wp-content\/uploads\/Der_Chinesische_Stempel-1320x1221.jpg 1320w, https:\/\/www.galeriehannabekkervomrath.de\/wp-content\/uploads\/Der_Chinesische_Stempel-scaled.jpg 1297w\" sizes=\"auto, (max-width: 400px) 100vw, 400px\" \/><\/p>\n\n\t\t<\/div>\n\t<\/div>\n\n\t<div class=\"wpb_text_column wpb_content_element\" >\n\t\t<div class=\"wpb_wrapper\">\n\t\t\t<h1><a href=\"https:\/\/www.galeriehannabekkervomrath.de\/en\/christa-von-schnitzler\/\">Christa von Schnitzler<\/a><\/h1>\n<p><img loading=\"lazy\" decoding=\"async\" class=\"alignnone size-medium wp-image-5898\" src=\"https:\/\/www.galeriehannabekkervomrath.de\/wp-content\/uploads\/Schnitzler_Informelle_-1-225x400.jpg\" alt=\"\" width=\"225\" height=\"400\" srcset=\"https:\/\/www.galeriehannabekkervomrath.de\/wp-content\/uploads\/Schnitzler_Informelle_-1-225x400.jpg 225w, https:\/\/www.galeriehannabekkervomrath.de\/wp-content\/uploads\/Schnitzler_Informelle_-1-620x1100.jpg 620w, https:\/\/www.galeriehannabekkervomrath.de\/wp-content\/uploads\/Schnitzler_Informelle_-1-84x150.jpg 84w, https:\/\/www.galeriehannabekkervomrath.de\/wp-content\/uploads\/Schnitzler_Informelle_-1-768x1363.jpg 768w, https:\/\/www.galeriehannabekkervomrath.de\/wp-content\/uploads\/Schnitzler_Informelle_-1-865x1536.jpg 865w, https:\/\/www.galeriehannabekkervomrath.de\/wp-content\/uploads\/Schnitzler_Informelle_-1-1154x2048.jpg 1154w, https:\/\/www.galeriehannabekkervomrath.de\/wp-content\/uploads\/Schnitzler_Informelle_-1-7x12.jpg 7w, https:\/\/www.galeriehannabekkervomrath.de\/wp-content\/uploads\/Schnitzler_Informelle_-1-1320x2343.jpg 1320w, https:\/\/www.galeriehannabekkervomrath.de\/wp-content\/uploads\/Schnitzler_Informelle_-1-scaled.jpg 1200w\" sizes=\"auto, (max-width: 225px) 100vw, 225px\" \/><\/p>\n\n\t\t<\/div>\n\t<\/div>\n\n\t<div class=\"wpb_text_column wpb_content_element\" >\n\t\t<div class=\"wpb_wrapper\">\n\t\t\t<h1><a href=\"https:\/\/www.galeriehannabekkervomrath.de\/en\/karl-tratt\/\">Karl Tratt<\/a><\/h1>\n<p><img loading=\"lazy\" decoding=\"async\" class=\"alignnone size-medium wp-image-5904\" src=\"https:\/\/www.galeriehannabekkervomrath.de\/wp-content\/uploads\/tratt-1-285x400.jpg\" alt=\"\" width=\"285\" height=\"400\" srcset=\"https:\/\/www.galeriehannabekkervomrath.de\/wp-content\/uploads\/tratt-1-285x400.jpg 285w, https:\/\/www.galeriehannabekkervomrath.de\/wp-content\/uploads\/tratt-1-784x1100.jpg 784w, https:\/\/www.galeriehannabekkervomrath.de\/wp-content\/uploads\/tratt-1-107x150.jpg 107w, https:\/\/www.galeriehannabekkervomrath.de\/wp-content\/uploads\/tratt-1-768x1078.jpg 768w, https:\/\/www.galeriehannabekkervomrath.de\/wp-content\/uploads\/tratt-1-1094x1536.jpg 1094w, https:\/\/www.galeriehannabekkervomrath.de\/wp-content\/uploads\/tratt-1-1459x2048.jpg 1459w, https:\/\/www.galeriehannabekkervomrath.de\/wp-content\/uploads\/tratt-1-9x12.jpg 9w, https:\/\/www.galeriehannabekkervomrath.de\/wp-content\/uploads\/tratt-1-1320x1853.jpg 1320w, https:\/\/www.galeriehannabekkervomrath.de\/wp-content\/uploads\/tratt-1-scaled.jpg 1200w\" sizes=\"auto, (max-width: 285px) 100vw, 285px\" \/><\/p>\n\n\t\t<\/div>\n\t<\/div>\n<\/div><\/div><\/div><div class=\"wpb_column vc_column_container vc_col-sm-2\"><div class=\"vc_column-inner\"><div class=\"wpb_wrapper\">\n\t<div class=\"wpb_text_column wpb_content_element\" >\n\t\t<div class=\"wpb_wrapper\">\n\t\t\t<h1><a href=\"https:\/\/www.galeriehannabekkervomrath.de\/en\/gabriele-aulehla\/\">Gabriele Aulehla<\/a><\/h1>\n<p><img loading=\"lazy\" decoding=\"async\" class=\"alignnone size-medium wp-image-5871\" src=\"https:\/\/www.galeriehannabekkervomrath.de\/wp-content\/uploads\/9_Aulehla_Ohne-Titel_2018_AcrylAufLeinwand_100x90cm-1-362x400.jpg\" alt=\"\" width=\"362\" height=\"400\" srcset=\"https:\/\/www.galeriehannabekkervomrath.de\/wp-content\/uploads\/9_Aulehla_Ohne-Titel_2018_AcrylAufLeinwand_100x90cm-1-362x400.jpg 362w, https:\/\/www.galeriehannabekkervomrath.de\/wp-content\/uploads\/9_Aulehla_Ohne-Titel_2018_AcrylAufLeinwand_100x90cm-1-994x1100.jpg 994w, https:\/\/www.galeriehannabekkervomrath.de\/wp-content\/uploads\/9_Aulehla_Ohne-Titel_2018_AcrylAufLeinwand_100x90cm-1-136x150.jpg 136w, https:\/\/www.galeriehannabekkervomrath.de\/wp-content\/uploads\/9_Aulehla_Ohne-Titel_2018_AcrylAufLeinwand_100x90cm-1-768x850.jpg 768w, https:\/\/www.galeriehannabekkervomrath.de\/wp-content\/uploads\/9_Aulehla_Ohne-Titel_2018_AcrylAufLeinwand_100x90cm-1-1388x1536.jpg 1388w, https:\/\/www.galeriehannabekkervomrath.de\/wp-content\/uploads\/9_Aulehla_Ohne-Titel_2018_AcrylAufLeinwand_100x90cm-1-11x12.jpg 11w, https:\/\/www.galeriehannabekkervomrath.de\/wp-content\/uploads\/9_Aulehla_Ohne-Titel_2018_AcrylAufLeinwand_100x90cm-1-1320x1461.jpg 1320w, https:\/\/www.galeriehannabekkervomrath.de\/wp-content\/uploads\/9_Aulehla_Ohne-Titel_2018_AcrylAufLeinwand_100x90cm-1.jpg 1200w\" sizes=\"auto, (max-width: 362px) 100vw, 362px\" \/><\/p>\n\n\t\t<\/div>\n\t<\/div>\n\n\t<div class=\"wpb_text_column wpb_content_element\" >\n\t\t<div class=\"wpb_wrapper\">\n\t\t\t<h1><a href=\"https:\/\/www.galeriehannabekkervomrath.de\/en\/maraeggert\/\">Mara Eggert<\/a><\/h1>\n<p><img loading=\"lazy\" decoding=\"async\" class=\"alignnone size-medium wp-image-5876\" src=\"https:\/\/www.galeriehannabekkervomrath.de\/wp-content\/uploads\/Hermann-Goepfert--400x389.jpg\" alt=\"\" width=\"400\" height=\"389\" srcset=\"https:\/\/www.galeriehannabekkervomrath.de\/wp-content\/uploads\/Hermann-Goepfert--400x389.jpg 400w, https:\/\/www.galeriehannabekkervomrath.de\/wp-content\/uploads\/Hermann-Goepfert--1100x1068.jpg 1100w, https:\/\/www.galeriehannabekkervomrath.de\/wp-content\/uploads\/Hermann-Goepfert--154x150.jpg 154w, https:\/\/www.galeriehannabekkervomrath.de\/wp-content\/uploads\/Hermann-Goepfert--768x746.jpg 768w, https:\/\/www.galeriehannabekkervomrath.de\/wp-content\/uploads\/Hermann-Goepfert--1536x1492.jpg 1536w, https:\/\/www.galeriehannabekkervomrath.de\/wp-content\/uploads\/Hermann-Goepfert--2048x1989.jpg 2048w, https:\/\/www.galeriehannabekkervomrath.de\/wp-content\/uploads\/Hermann-Goepfert--12x12.jpg 12w, https:\/\/www.galeriehannabekkervomrath.de\/wp-content\/uploads\/Hermann-Goepfert--1320x1282.jpg 1320w, https:\/\/www.galeriehannabekkervomrath.de\/wp-content\/uploads\/Hermann-Goepfert--scaled.jpg 1235w\" sizes=\"auto, (max-width: 400px) 100vw, 400px\" \/><\/p>\n\n\t\t<\/div>\n\t<\/div>\n\n\t<div class=\"wpb_text_column wpb_content_element\" >\n\t\t<div class=\"wpb_wrapper\">\n\t\t\t<h1><a href=\"https:\/\/www.galeriehannabekkervomrath.de\/en\/georg-heck\/\">Georg Heck<\/a><\/h1>\n<p><img loading=\"lazy\" decoding=\"async\" class=\"alignnone size-medium wp-image-5881\" src=\"https:\/\/www.galeriehannabekkervomrath.de\/wp-content\/uploads\/heck-ohne-titel-1975-250x400.jpg\" alt=\"\" width=\"250\" height=\"400\" srcset=\"https:\/\/www.galeriehannabekkervomrath.de\/wp-content\/uploads\/heck-ohne-titel-1975-250x400.jpg 250w, https:\/\/www.galeriehannabekkervomrath.de\/wp-content\/uploads\/heck-ohne-titel-1975-688x1100.jpg 688w, https:\/\/www.galeriehannabekkervomrath.de\/wp-content\/uploads\/heck-ohne-titel-1975-94x150.jpg 94w, https:\/\/www.galeriehannabekkervomrath.de\/wp-content\/uploads\/heck-ohne-titel-1975-768x1228.jpg 768w, https:\/\/www.galeriehannabekkervomrath.de\/wp-content\/uploads\/heck-ohne-titel-1975-961x1536.jpg 961w, https:\/\/www.galeriehannabekkervomrath.de\/wp-content\/uploads\/heck-ohne-titel-1975-1281x2048.jpg 1281w, https:\/\/www.galeriehannabekkervomrath.de\/wp-content\/uploads\/heck-ohne-titel-1975-8x12.jpg 8w, https:\/\/www.galeriehannabekkervomrath.de\/wp-content\/uploads\/heck-ohne-titel-1975-1320x2110.jpg 1320w, https:\/\/www.galeriehannabekkervomrath.de\/wp-content\/uploads\/heck-ohne-titel-1975-scaled.jpg 1200w\" sizes=\"auto, (max-width: 250px) 100vw, 250px\" \/><\/p>\n\n\t\t<\/div>\n\t<\/div>\n\n\t<div class=\"wpb_text_column wpb_content_element\" >\n\t\t<div class=\"wpb_wrapper\">\n\t\t\t<h1><a href=\"https:\/\/www.galeriehannabekkervomrath.de\/en\/doro-koidl-2\/\">Doro Koidl<\/a><\/h1>\n<p><img loading=\"lazy\" decoding=\"async\" class=\"alignnone size-medium wp-image-5886\" src=\"https:\/\/www.galeriehannabekkervomrath.de\/wp-content\/uploads\/DoroKoidlOhneTitel2023Mischtechnik43x29cm-1-271x400.jpeg\" alt=\"\" width=\"271\" height=\"400\" srcset=\"https:\/\/www.galeriehannabekkervomrath.de\/wp-content\/uploads\/DoroKoidlOhneTitel2023Mischtechnik43x29cm-1-271x400.jpeg 271w, https:\/\/www.galeriehannabekkervomrath.de\/wp-content\/uploads\/DoroKoidlOhneTitel2023Mischtechnik43x29cm-1-746x1100.jpeg 746w, https:\/\/www.galeriehannabekkervomrath.de\/wp-content\/uploads\/DoroKoidlOhneTitel2023Mischtechnik43x29cm-1-102x150.jpeg 102w, https:\/\/www.galeriehannabekkervomrath.de\/wp-content\/uploads\/DoroKoidlOhneTitel2023Mischtechnik43x29cm-1-768x1133.jpeg 768w, https:\/\/www.galeriehannabekkervomrath.de\/wp-content\/uploads\/DoroKoidlOhneTitel2023Mischtechnik43x29cm-1-1041x1536.jpeg 1041w, https:\/\/www.galeriehannabekkervomrath.de\/wp-content\/uploads\/DoroKoidlOhneTitel2023Mischtechnik43x29cm-1-1389x2048.jpeg 1389w, https:\/\/www.galeriehannabekkervomrath.de\/wp-content\/uploads\/DoroKoidlOhneTitel2023Mischtechnik43x29cm-1-8x12.jpeg 8w, https:\/\/www.galeriehannabekkervomrath.de\/wp-content\/uploads\/DoroKoidlOhneTitel2023Mischtechnik43x29cm-1-1320x1947.jpeg 1320w, https:\/\/www.galeriehannabekkervomrath.de\/wp-content\/uploads\/DoroKoidlOhneTitel2023Mischtechnik43x29cm-1-scaled.jpeg 1200w\" sizes=\"auto, (max-width: 271px) 100vw, 271px\" \/><\/p>\n\n\t\t<\/div>\n\t<\/div>\n\n\t<div class=\"wpb_text_column wpb_content_element\" >\n\t\t<div class=\"wpb_wrapper\">\n\t\t\t<h1><a href=\"https:\/\/www.galeriehannabekkervomrath.de\/en\/wanda-pratschke\/\">Wanda Pratschke<\/a><\/h1>\n<p><img loading=\"lazy\" decoding=\"async\" class=\"alignnone size-medium wp-image-5892\" src=\"https:\/\/www.galeriehannabekkervomrath.de\/wp-content\/uploads\/Queen-1-296x400.jpg\" alt=\"\" width=\"296\" height=\"400\" srcset=\"https:\/\/www.galeriehannabekkervomrath.de\/wp-content\/uploads\/Queen-1-296x400.jpg 296w, https:\/\/www.galeriehannabekkervomrath.de\/wp-content\/uploads\/Queen-1-813x1100.jpg 813w, https:\/\/www.galeriehannabekkervomrath.de\/wp-content\/uploads\/Queen-1-111x150.jpg 111w, https:\/\/www.galeriehannabekkervomrath.de\/wp-content\/uploads\/Queen-1-768x1039.jpg 768w, https:\/\/www.galeriehannabekkervomrath.de\/wp-content\/uploads\/Queen-1-1136x1536.jpg 1136w, https:\/\/www.galeriehannabekkervomrath.de\/wp-content\/uploads\/Queen-1-9x12.jpg 9w, https:\/\/www.galeriehannabekkervomrath.de\/wp-content\/uploads\/Queen-1-1320x1785.jpg 1320w, https:\/\/www.galeriehannabekkervomrath.de\/wp-content\/uploads\/Queen-1.jpg 1200w\" sizes=\"auto, (max-width: 296px) 100vw, 296px\" \/><\/p>\n\n\t\t<\/div>\n\t<\/div>\n\n\t<div class=\"wpb_text_column wpb_content_element\" >\n\t\t<div class=\"wpb_wrapper\">\n\t\t\t<h1><a href=\"https:\/\/www.galeriehannabekkervomrath.de\/en\/marco-spitzar\/\">Marco Spitzar<\/a><\/h1>\n<p><img loading=\"lazy\" decoding=\"async\" class=\"alignnone size-medium wp-image-5899\" src=\"https:\/\/www.galeriehannabekkervomrath.de\/wp-content\/uploads\/02_yellow-moonlight-gelber-uhu-traeger-mit-schwarzen-ballerinas-2020-marco-spitzar-260x320-2-334x400.jpg\" alt=\"\" width=\"334\" height=\"400\" srcset=\"https:\/\/www.galeriehannabekkervomrath.de\/wp-content\/uploads\/02_yellow-moonlight-gelber-uhu-traeger-mit-schwarzen-ballerinas-2020-marco-spitzar-260x320-2-334x400.jpg 334w, https:\/\/www.galeriehannabekkervomrath.de\/wp-content\/uploads\/02_yellow-moonlight-gelber-uhu-traeger-mit-schwarzen-ballerinas-2020-marco-spitzar-260x320-2-920x1100.jpg 920w, https:\/\/www.galeriehannabekkervomrath.de\/wp-content\/uploads\/02_yellow-moonlight-gelber-uhu-traeger-mit-schwarzen-ballerinas-2020-marco-spitzar-260x320-2-125x150.jpg 125w, https:\/\/www.galeriehannabekkervomrath.de\/wp-content\/uploads\/02_yellow-moonlight-gelber-uhu-traeger-mit-schwarzen-ballerinas-2020-marco-spitzar-260x320-2-768x919.jpg 768w, https:\/\/www.galeriehannabekkervomrath.de\/wp-content\/uploads\/02_yellow-moonlight-gelber-uhu-traeger-mit-schwarzen-ballerinas-2020-marco-spitzar-260x320-2-1284x1536.jpg 1284w, https:\/\/www.galeriehannabekkervomrath.de\/wp-content\/uploads\/02_yellow-moonlight-gelber-uhu-traeger-mit-schwarzen-ballerinas-2020-marco-spitzar-260x320-2-1712x2048.jpg 1712w, https:\/\/www.galeriehannabekkervomrath.de\/wp-content\/uploads\/02_yellow-moonlight-gelber-uhu-traeger-mit-schwarzen-ballerinas-2020-marco-spitzar-260x320-2-10x12.jpg 10w, https:\/\/www.galeriehannabekkervomrath.de\/wp-content\/uploads\/02_yellow-moonlight-gelber-uhu-traeger-mit-schwarzen-ballerinas-2020-marco-spitzar-260x320-2-1320x1579.jpg 1320w, https:\/\/www.galeriehannabekkervomrath.de\/wp-content\/uploads\/02_yellow-moonlight-gelber-uhu-traeger-mit-schwarzen-ballerinas-2020-marco-spitzar-260x320-2-scaled.jpg 1200w\" sizes=\"auto, (max-width: 334px) 100vw, 334px\" \/><\/p>\n\n\t\t<\/div>\n\t<\/div>\n\n\t<div class=\"wpb_text_column wpb_content_element\" >\n\t\t<div class=\"wpb_wrapper\">\n\t\t\t<h1><a href=\"https:\/\/www.galeriehannabekkervomrath.de\/en\/anna-tretter\/\">Anna Tretter<\/a><\/h1>\n<p><img loading=\"lazy\" decoding=\"async\" class=\"alignnone size-medium wp-image-5905\" src=\"https:\/\/www.galeriehannabekkervomrath.de\/wp-content\/uploads\/AnnaTretter2-1-400x284.jpg\" alt=\"\" width=\"400\" height=\"284\" srcset=\"https:\/\/www.galeriehannabekkervomrath.de\/wp-content\/uploads\/AnnaTretter2-1-400x284.jpg 400w, https:\/\/www.galeriehannabekkervomrath.de\/wp-content\/uploads\/AnnaTretter2-1-1100x781.jpg 1100w, https:\/\/www.galeriehannabekkervomrath.de\/wp-content\/uploads\/AnnaTretter2-1-200x142.jpg 200w, https:\/\/www.galeriehannabekkervomrath.de\/wp-content\/uploads\/AnnaTretter2-1-768x545.jpg 768w, https:\/\/www.galeriehannabekkervomrath.de\/wp-content\/uploads\/AnnaTretter2-1-1536x1091.jpg 1536w, https:\/\/www.galeriehannabekkervomrath.de\/wp-content\/uploads\/AnnaTretter2-1-2048x1455.jpg 2048w, https:\/\/www.galeriehannabekkervomrath.de\/wp-content\/uploads\/AnnaTretter2-1-18x12.jpg 18w, https:\/\/www.galeriehannabekkervomrath.de\/wp-content\/uploads\/AnnaTretter2-1-1320x938.jpg 1320w, https:\/\/www.galeriehannabekkervomrath.de\/wp-content\/uploads\/AnnaTretter2-1-scaled.jpg 1690w\" sizes=\"auto, (max-width: 400px) 100vw, 400px\" \/><\/p>\n\n\t\t<\/div>\n\t<\/div>\n<\/div><\/div><\/div><div class=\"wpb_column vc_column_container vc_col-sm-2\"><div class=\"vc_column-inner\"><div class=\"wpb_wrapper\">\n\t<div class=\"wpb_text_column wpb_content_element\" >\n\t\t<div class=\"wpb_wrapper\">\n\t\t\t<h1><a href=\"https:\/\/www.galeriehannabekkervomrath.de\/en\/heinz-battke\/\">Heinz Battke<\/a><\/h1>\n<p><img loading=\"lazy\" decoding=\"async\" class=\"size-medium wp-image-2483\" src=\"https:\/\/www.galeriehannabekkervomrath.de\/wp-content\/uploads\/11_BattkeSchatten_einer_T\u00e4nzerin-180x400.jpg\" alt=\"\" width=\"180\" height=\"400\" srcset=\"https:\/\/www.galeriehannabekkervomrath.de\/wp-content\/uploads\/11_BattkeSchatten_einer_T\u00e4nzerin-180x400.jpg 180w, https:\/\/www.galeriehannabekkervomrath.de\/wp-content\/uploads\/11_BattkeSchatten_einer_T\u00e4nzerin-768x1706.jpg 768w, https:\/\/www.galeriehannabekkervomrath.de\/wp-content\/uploads\/11_BattkeSchatten_einer_T\u00e4nzerin-495x1100.jpg 495w, https:\/\/www.galeriehannabekkervomrath.de\/wp-content\/uploads\/11_BattkeSchatten_einer_T\u00e4nzerin-600x1333.jpg 600w, https:\/\/www.galeriehannabekkervomrath.de\/wp-content\/uploads\/11_BattkeSchatten_einer_T\u00e4nzerin.jpg 851w\" sizes=\"auto, (max-width: 180px) 100vw, 180px\" \/><\/p>\n\n\t\t<\/div>\n\t<\/div>\n\n\t<div class=\"wpb_text_column wpb_content_element\" >\n\t\t<div class=\"wpb_wrapper\">\n\t\t\t<h1><a href=\"https:\/\/www.galeriehannabekkervomrath.de\/en\/roberto-fabelo\/\">Roberto Fabelo<\/a><\/h1>\n<p><img loading=\"lazy\" decoding=\"async\" class=\"alignnone size-medium wp-image-5877\" src=\"https:\/\/www.galeriehannabekkervomrath.de\/wp-content\/uploads\/HBvR-2-279x400.jpg\" alt=\"\" width=\"279\" height=\"400\" srcset=\"https:\/\/www.galeriehannabekkervomrath.de\/wp-content\/uploads\/HBvR-2-279x400.jpg 279w, https:\/\/www.galeriehannabekkervomrath.de\/wp-content\/uploads\/HBvR-2-768x1100.jpg 768w, https:\/\/www.galeriehannabekkervomrath.de\/wp-content\/uploads\/HBvR-2-105x150.jpg 105w, https:\/\/www.galeriehannabekkervomrath.de\/wp-content\/uploads\/HBvR-2-1072x1536.jpg 1072w, https:\/\/www.galeriehannabekkervomrath.de\/wp-content\/uploads\/HBvR-2-8x12.jpg 8w, https:\/\/www.galeriehannabekkervomrath.de\/wp-content\/uploads\/HBvR-2.jpg 1117w\" sizes=\"auto, (max-width: 279px) 100vw, 279px\" \/><\/p>\n\n\t\t<\/div>\n\t<\/div>\n\n\t<div class=\"wpb_text_column wpb_content_element\" >\n\t\t<div class=\"wpb_wrapper\">\n\t\t\t<h1><a href=\"https:\/\/www.galeriehannabekkervomrath.de\/en\/heidelbach\/\">Karl Heidelbach<\/a><\/h1>\n<p><img loading=\"lazy\" decoding=\"async\" class=\"alignnone size-medium wp-image-5882\" src=\"https:\/\/www.galeriehannabekkervomrath.de\/wp-content\/uploads\/Am-Meer-1990-1993-Oel-auf-Leinwand-100x130cm-400x312.jpg\" alt=\"\" width=\"400\" height=\"312\" srcset=\"https:\/\/www.galeriehannabekkervomrath.de\/wp-content\/uploads\/Am-Meer-1990-1993-Oel-auf-Leinwand-100x130cm-400x312.jpg 400w, https:\/\/www.galeriehannabekkervomrath.de\/wp-content\/uploads\/Am-Meer-1990-1993-Oel-auf-Leinwand-100x130cm-1100x857.jpg 1100w, https:\/\/www.galeriehannabekkervomrath.de\/wp-content\/uploads\/Am-Meer-1990-1993-Oel-auf-Leinwand-100x130cm-192x150.jpg 192w, https:\/\/www.galeriehannabekkervomrath.de\/wp-content\/uploads\/Am-Meer-1990-1993-Oel-auf-Leinwand-100x130cm-768x598.jpg 768w, https:\/\/www.galeriehannabekkervomrath.de\/wp-content\/uploads\/Am-Meer-1990-1993-Oel-auf-Leinwand-100x130cm-1536x1197.jpg 1536w, https:\/\/www.galeriehannabekkervomrath.de\/wp-content\/uploads\/Am-Meer-1990-1993-Oel-auf-Leinwand-100x130cm-2048x1596.jpg 2048w, https:\/\/www.galeriehannabekkervomrath.de\/wp-content\/uploads\/Am-Meer-1990-1993-Oel-auf-Leinwand-100x130cm-15x12.jpg 15w, https:\/\/www.galeriehannabekkervomrath.de\/wp-content\/uploads\/Am-Meer-1990-1993-Oel-auf-Leinwand-100x130cm-1320x1029.jpg 1320w, https:\/\/www.galeriehannabekkervomrath.de\/wp-content\/uploads\/Am-Meer-1990-1993-Oel-auf-Leinwand-100x130cm-scaled.jpg 1540w\" sizes=\"auto, (max-width: 400px) 100vw, 400px\" \/><\/p>\n\n\t\t<\/div>\n\t<\/div>\n\n\t<div class=\"wpb_text_column wpb_content_element\" >\n\t\t<div class=\"wpb_wrapper\">\n\t\t\t<h1><a href=\"https:\/\/www.galeriehannabekkervomrath.de\/en\/oskar-kolb\/\">Oskar Kolb<\/a><\/h1>\n<p><img loading=\"lazy\" decoding=\"async\" class=\"alignnone size-medium wp-image-5887\" src=\"https:\/\/www.galeriehannabekkervomrath.de\/wp-content\/uploads\/Poldrom-1-321x400.jpg\" alt=\"\" width=\"321\" height=\"400\" srcset=\"https:\/\/www.galeriehannabekkervomrath.de\/wp-content\/uploads\/Poldrom-1-321x400.jpg 321w, https:\/\/www.galeriehannabekkervomrath.de\/wp-content\/uploads\/Poldrom-1-882x1100.jpg 882w, https:\/\/www.galeriehannabekkervomrath.de\/wp-content\/uploads\/Poldrom-1-120x150.jpg 120w, https:\/\/www.galeriehannabekkervomrath.de\/wp-content\/uploads\/Poldrom-1-768x957.jpg 768w, https:\/\/www.galeriehannabekkervomrath.de\/wp-content\/uploads\/Poldrom-1-10x12.jpg 10w, https:\/\/www.galeriehannabekkervomrath.de\/wp-content\/uploads\/Poldrom-1.jpg 1123w\" sizes=\"auto, (max-width: 321px) 100vw, 321px\" \/><\/p>\n\n\t\t<\/div>\n\t<\/div>\n\n\t<div class=\"wpb_text_column wpb_content_element\" >\n\t\t<div class=\"wpb_wrapper\">\n\t\t\t<h1><a href=\"https:\/\/www.galeriehannabekkervomrath.de\/en\/rosa-von-praunheim-3\/\">Rosa von Praunheim<\/a><\/h1>\n<p><img loading=\"lazy\" decoding=\"async\" class=\"alignnone size-medium wp-image-5893\" src=\"https:\/\/www.galeriehannabekkervomrath.de\/wp-content\/uploads\/Traumtaenzer-1-293x400.jpg\" alt=\"\" width=\"293\" height=\"400\" srcset=\"https:\/\/www.galeriehannabekkervomrath.de\/wp-content\/uploads\/Traumtaenzer-1-293x400.jpg 293w, https:\/\/www.galeriehannabekkervomrath.de\/wp-content\/uploads\/Traumtaenzer-1-110x150.jpg 110w, https:\/\/www.galeriehannabekkervomrath.de\/wp-content\/uploads\/Traumtaenzer-1-768x1047.jpg 768w, https:\/\/www.galeriehannabekkervomrath.de\/wp-content\/uploads\/Traumtaenzer-1-9x12.jpg 9w, https:\/\/www.galeriehannabekkervomrath.de\/wp-content\/uploads\/Traumtaenzer-1.jpg 792w\" sizes=\"auto, (max-width: 293px) 100vw, 293px\" \/><\/p>\n\n\t\t<\/div>\n\t<\/div>\n\n\t<div class=\"wpb_text_column wpb_content_element\" >\n\t\t<div class=\"wpb_wrapper\">\n\t\t\t<h1><a href=\"https:\/\/www.galeriehannabekkervomrath.de\/en\/beatrice-steimer\/\">B\u00e9atrice Steimer<\/a><\/h1>\n<p><img loading=\"lazy\" decoding=\"async\" class=\"alignnone size-medium wp-image-5900\" src=\"https:\/\/www.galeriehannabekkervomrath.de\/wp-content\/uploads\/Selbst_mit_Auto_100x80-300x400.jpeg\" alt=\"\" width=\"300\" height=\"400\" srcset=\"https:\/\/www.galeriehannabekkervomrath.de\/wp-content\/uploads\/Selbst_mit_Auto_100x80-300x400.jpeg 300w, https:\/\/www.galeriehannabekkervomrath.de\/wp-content\/uploads\/Selbst_mit_Auto_100x80-825x1100.jpeg 825w, https:\/\/www.galeriehannabekkervomrath.de\/wp-content\/uploads\/Selbst_mit_Auto_100x80-113x150.jpeg 113w, https:\/\/www.galeriehannabekkervomrath.de\/wp-content\/uploads\/Selbst_mit_Auto_100x80-768x1024.jpeg 768w, https:\/\/www.galeriehannabekkervomrath.de\/wp-content\/uploads\/Selbst_mit_Auto_100x80-1152x1536.jpeg 1152w, https:\/\/www.galeriehannabekkervomrath.de\/wp-content\/uploads\/Selbst_mit_Auto_100x80-1536x2048.jpeg 1536w, https:\/\/www.galeriehannabekkervomrath.de\/wp-content\/uploads\/Selbst_mit_Auto_100x80-9x12.jpeg 9w, https:\/\/www.galeriehannabekkervomrath.de\/wp-content\/uploads\/Selbst_mit_Auto_100x80-1320x1760.jpeg 1320w, https:\/\/www.galeriehannabekkervomrath.de\/wp-content\/uploads\/Selbst_mit_Auto_100x80.jpeg 1200w\" sizes=\"auto, (max-width: 300px) 100vw, 300px\" \/><\/p>\n\n\t\t<\/div>\n\t<\/div>\n\n\t<div class=\"wpb_text_column wpb_content_element\" >\n\t\t<div class=\"wpb_wrapper\">\n\t\t\t<h1><a href=\"https:\/\/www.galeriehannabekkervomrath.de\/en\/christoph-voll\/\">Christoph Voll<\/a><\/h1>\n<p><img loading=\"lazy\" decoding=\"async\" class=\"alignnone size-medium wp-image-5906\" src=\"https:\/\/www.galeriehannabekkervomrath.de\/wp-content\/uploads\/christoph_voll_25-1-302x400.jpg\" alt=\"\" width=\"302\" height=\"400\" srcset=\"https:\/\/www.galeriehannabekkervomrath.de\/wp-content\/uploads\/christoph_voll_25-1-302x400.jpg 302w, https:\/\/www.galeriehannabekkervomrath.de\/wp-content\/uploads\/christoph_voll_25-1-829x1100.jpg 829w, https:\/\/www.galeriehannabekkervomrath.de\/wp-content\/uploads\/christoph_voll_25-1-113x150.jpg 113w, https:\/\/www.galeriehannabekkervomrath.de\/wp-content\/uploads\/christoph_voll_25-1-768x1019.jpg 768w, https:\/\/www.galeriehannabekkervomrath.de\/wp-content\/uploads\/christoph_voll_25-1-1158x1536.jpg 1158w, https:\/\/www.galeriehannabekkervomrath.de\/wp-content\/uploads\/christoph_voll_25-1-1544x2048.jpg 1544w, https:\/\/www.galeriehannabekkervomrath.de\/wp-content\/uploads\/christoph_voll_25-1-9x12.jpg 9w, https:\/\/www.galeriehannabekkervomrath.de\/wp-content\/uploads\/christoph_voll_25-1-1320x1751.jpg 1320w, https:\/\/www.galeriehannabekkervomrath.de\/wp-content\/uploads\/christoph_voll_25-1-scaled.jpg 1200w\" sizes=\"auto, (max-width: 302px) 100vw, 302px\" \/><\/p>\n\n\t\t<\/div>\n\t<\/div>\n<\/div><\/div><\/div><div class=\"wpb_column vc_column_container vc_col-sm-2\"><div class=\"vc_column-inner\"><div class=\"wpb_wrapper\">\n\t<div class=\"wpb_text_column wpb_content_element\" >\n\t\t<div class=\"wpb_wrapper\">\n\t\t\t<h1><a href=\"https:\/\/www.galeriehannabekkervomrath.de\/en\/haralddebary\/\">Harald de Bary<\/a><\/h1>\n<p><img loading=\"lazy\" decoding=\"async\" class=\"size-medium wp-image-5810\" src=\"https:\/\/www.galeriehannabekkervomrath.de\/wp-content\/uploads\/WeissUndSchwarzblau-1966-47x57cm-400x332.jpg\" alt=\"\" width=\"400\" height=\"332\" srcset=\"https:\/\/www.galeriehannabekkervomrath.de\/wp-content\/uploads\/WeissUndSchwarzblau-1966-47x57cm-400x332.jpg 400w, https:\/\/www.galeriehannabekkervomrath.de\/wp-content\/uploads\/WeissUndSchwarzblau-1966-47x57cm-1100x912.jpg 1100w, https:\/\/www.galeriehannabekkervomrath.de\/wp-content\/uploads\/WeissUndSchwarzblau-1966-47x57cm-181x150.jpg 181w, https:\/\/www.galeriehannabekkervomrath.de\/wp-content\/uploads\/WeissUndSchwarzblau-1966-47x57cm-768x637.jpg 768w, https:\/\/www.galeriehannabekkervomrath.de\/wp-content\/uploads\/WeissUndSchwarzblau-1966-47x57cm-14x12.jpg 14w, https:\/\/www.galeriehannabekkervomrath.de\/wp-content\/uploads\/WeissUndSchwarzblau-1966-47x57cm-1320x1095.jpg 1320w, https:\/\/www.galeriehannabekkervomrath.de\/wp-content\/uploads\/WeissUndSchwarzblau-1966-47x57cm.jpg 1384w\" sizes=\"auto, (max-width: 400px) 100vw, 400px\" \/><\/p>\n\n\t\t<\/div>\n\t<\/div>\n\n\t<div class=\"wpb_text_column wpb_content_element\" >\n\t\t<div class=\"wpb_wrapper\">\n\t\t\t<h2><a href=\"https:\/\/www.galeriehannabekkervomrath.de\/en\/alexander-von-falkenhausen\/\">ALEXANDER VON FALKENHAUSEN<\/a><\/h2>\n<p><img loading=\"lazy\" decoding=\"async\" class=\"size-medium wp-image-5476\" src=\"https:\/\/www.galeriehannabekkervomrath.de\/wp-content\/uploads\/Hauptdarsteller2-279x400.jpg\" alt=\"\" width=\"279\" height=\"400\" srcset=\"https:\/\/www.galeriehannabekkervomrath.de\/wp-content\/uploads\/Hauptdarsteller2-279x400.jpg 279w, https:\/\/www.galeriehannabekkervomrath.de\/wp-content\/uploads\/Hauptdarsteller2-768x1100.jpg 768w, https:\/\/www.galeriehannabekkervomrath.de\/wp-content\/uploads\/Hauptdarsteller2-105x150.jpg 105w, https:\/\/www.galeriehannabekkervomrath.de\/wp-content\/uploads\/Hauptdarsteller2-1073x1536.jpg 1073w, https:\/\/www.galeriehannabekkervomrath.de\/wp-content\/uploads\/Hauptdarsteller2-8x12.jpg 8w, https:\/\/www.galeriehannabekkervomrath.de\/wp-content\/uploads\/Hauptdarsteller2.jpg 1165w\" sizes=\"auto, (max-width: 279px) 100vw, 279px\" \/><\/p>\n\n\t\t<\/div>\n\t<\/div>\n\n\t<div class=\"wpb_text_column wpb_content_element\" >\n\t\t<div class=\"wpb_wrapper\">\n\t\t\t<h1><a href=\"https:\/\/www.galeriehannabekkervomrath.de\/en\/holgerherrmann\/\">Holger Herrmann<\/a><\/h1>\n<p><img loading=\"lazy\" decoding=\"async\" class=\"alignnone size-medium wp-image-5883\" src=\"https:\/\/www.galeriehannabekkervomrath.de\/wp-content\/uploads\/7_hh_19mai1998-364x400.jpg\" alt=\"\" width=\"364\" height=\"400\" srcset=\"https:\/\/www.galeriehannabekkervomrath.de\/wp-content\/uploads\/7_hh_19mai1998-364x400.jpg 364w, https:\/\/www.galeriehannabekkervomrath.de\/wp-content\/uploads\/7_hh_19mai1998-1000x1100.jpg 1000w, https:\/\/www.galeriehannabekkervomrath.de\/wp-content\/uploads\/7_hh_19mai1998-136x150.jpg 136w, https:\/\/www.galeriehannabekkervomrath.de\/wp-content\/uploads\/7_hh_19mai1998-768x844.jpg 768w, https:\/\/www.galeriehannabekkervomrath.de\/wp-content\/uploads\/7_hh_19mai1998-1397x1536.jpg 1397w, https:\/\/www.galeriehannabekkervomrath.de\/wp-content\/uploads\/7_hh_19mai1998-1863x2048.jpg 1863w, https:\/\/www.galeriehannabekkervomrath.de\/wp-content\/uploads\/7_hh_19mai1998-11x12.jpg 11w, https:\/\/www.galeriehannabekkervomrath.de\/wp-content\/uploads\/7_hh_19mai1998-1320x1451.jpg 1320w, https:\/\/www.galeriehannabekkervomrath.de\/wp-content\/uploads\/7_hh_19mai1998.jpg 1200w\" sizes=\"auto, (max-width: 364px) 100vw, 364px\" \/><\/p>\n\n\t\t<\/div>\n\t<\/div>\n\n\t<div class=\"wpb_text_column wpb_content_element\" >\n\t\t<div class=\"wpb_wrapper\">\n\t\t\t<h1><a href=\"https:\/\/www.galeriehannabekkervomrath.de\/en\/karl-kunz\/\">Karl Kunz<\/a><\/h1>\n<p><img loading=\"lazy\" decoding=\"async\" class=\"size-medium wp-image-5888\" src=\"https:\/\/www.galeriehannabekkervomrath.de\/wp-content\/uploads\/Karl-Kunz-Anatomie-1964-Oel-auf-Hartfaser-170x120cm-signiert-20.000EURO-283x400.jpg\" alt=\"\" width=\"283\" height=\"400\" srcset=\"https:\/\/www.galeriehannabekkervomrath.de\/wp-content\/uploads\/Karl-Kunz-Anatomie-1964-Oel-auf-Hartfaser-170x120cm-signiert-20.000EURO-283x400.jpg 283w, https:\/\/www.galeriehannabekkervomrath.de\/wp-content\/uploads\/Karl-Kunz-Anatomie-1964-Oel-auf-Hartfaser-170x120cm-signiert-20.000EURO-778x1100.jpg 778w, https:\/\/www.galeriehannabekkervomrath.de\/wp-content\/uploads\/Karl-Kunz-Anatomie-1964-Oel-auf-Hartfaser-170x120cm-signiert-20.000EURO-106x150.jpg 106w, https:\/\/www.galeriehannabekkervomrath.de\/wp-content\/uploads\/Karl-Kunz-Anatomie-1964-Oel-auf-Hartfaser-170x120cm-signiert-20.000EURO-768x1085.jpg 768w, https:\/\/www.galeriehannabekkervomrath.de\/wp-content\/uploads\/Karl-Kunz-Anatomie-1964-Oel-auf-Hartfaser-170x120cm-signiert-20.000EURO-1087x1536.jpg 1087w, https:\/\/www.galeriehannabekkervomrath.de\/wp-content\/uploads\/Karl-Kunz-Anatomie-1964-Oel-auf-Hartfaser-170x120cm-signiert-20.000EURO-1449x2048.jpg 1449w, https:\/\/www.galeriehannabekkervomrath.de\/wp-content\/uploads\/Karl-Kunz-Anatomie-1964-Oel-auf-Hartfaser-170x120cm-signiert-20.000EURO-8x12.jpg 8w, https:\/\/www.galeriehannabekkervomrath.de\/wp-content\/uploads\/Karl-Kunz-Anatomie-1964-Oel-auf-Hartfaser-170x120cm-signiert-20.000EURO-1320x1865.jpg 1320w, https:\/\/www.galeriehannabekkervomrath.de\/wp-content\/uploads\/Karl-Kunz-Anatomie-1964-Oel-auf-Hartfaser-170x120cm-signiert-20.000EURO.jpg 1200w\" sizes=\"auto, (max-width: 283px) 100vw, 283px\" \/><\/p>\n\n\t\t<\/div>\n\t<\/div>\n\n\t<div class=\"wpb_text_column wpb_content_element\" >\n\t\t<div class=\"wpb_wrapper\">\n\t\t\t<h1><a href=\"https:\/\/www.galeriehannabekkervomrath.de\/en\/karin-radoy\/\">Karin Radoy<\/a><\/h1>\n<p>&nbsp;<\/p>\n<p><img loading=\"lazy\" decoding=\"async\" class=\"alignnone size-medium wp-image-5894\" src=\"https:\/\/www.galeriehannabekkervomrath.de\/wp-content\/uploads\/1809-bluebody-73x94x16cm-1-400x400.jpg\" alt=\"\" width=\"400\" height=\"400\" srcset=\"https:\/\/www.galeriehannabekkervomrath.de\/wp-content\/uploads\/1809-bluebody-73x94x16cm-1-400x400.jpg 400w, https:\/\/www.galeriehannabekkervomrath.de\/wp-content\/uploads\/1809-bluebody-73x94x16cm-1-1100x1100.jpg 1100w, https:\/\/www.galeriehannabekkervomrath.de\/wp-content\/uploads\/1809-bluebody-73x94x16cm-1-150x150.jpg 150w, https:\/\/www.galeriehannabekkervomrath.de\/wp-content\/uploads\/1809-bluebody-73x94x16cm-1-768x768.jpg 768w, https:\/\/www.galeriehannabekkervomrath.de\/wp-content\/uploads\/1809-bluebody-73x94x16cm-1-1536x1536.jpg 1536w, https:\/\/www.galeriehannabekkervomrath.de\/wp-content\/uploads\/1809-bluebody-73x94x16cm-1-2048x2048.jpg 2048w, https:\/\/www.galeriehannabekkervomrath.de\/wp-content\/uploads\/1809-bluebody-73x94x16cm-1-12x12.jpg 12w, https:\/\/www.galeriehannabekkervomrath.de\/wp-content\/uploads\/1809-bluebody-73x94x16cm-1-1320x1320.jpg 1320w, https:\/\/www.galeriehannabekkervomrath.de\/wp-content\/uploads\/1809-bluebody-73x94x16cm-1-scaled.jpg 1200w\" sizes=\"auto, (max-width: 400px) 100vw, 400px\" \/><\/p>\n\n\t\t<\/div>\n\t<\/div>\n\n\t<div class=\"wpb_text_column wpb_content_element\" >\n\t\t<div class=\"wpb_wrapper\">\n\t\t\t<h1><a href=\"https:\/\/www.galeriehannabekkervomrath.de\/en\/eberhard-steneberg\/\">Eberhard Steneberg<\/a><\/h1>\n<p><img loading=\"lazy\" decoding=\"async\" class=\"alignnone size-medium wp-image-5901\" src=\"https:\/\/www.galeriehannabekkervomrath.de\/wp-content\/uploads\/IMG_2778-1-296x400.jpg\" alt=\"\" width=\"296\" height=\"400\" srcset=\"https:\/\/www.galeriehannabekkervomrath.de\/wp-content\/uploads\/IMG_2778-1-296x400.jpg 296w, https:\/\/www.galeriehannabekkervomrath.de\/wp-content\/uploads\/IMG_2778-1-815x1100.jpg 815w, https:\/\/www.galeriehannabekkervomrath.de\/wp-content\/uploads\/IMG_2778-1-111x150.jpg 111w, https:\/\/www.galeriehannabekkervomrath.de\/wp-content\/uploads\/IMG_2778-1-768x1037.jpg 768w, https:\/\/www.galeriehannabekkervomrath.de\/wp-content\/uploads\/IMG_2778-1-1138x1536.jpg 1138w, https:\/\/www.galeriehannabekkervomrath.de\/wp-content\/uploads\/IMG_2778-1-1517x2048.jpg 1517w, https:\/\/www.galeriehannabekkervomrath.de\/wp-content\/uploads\/IMG_2778-1-9x12.jpg 9w, https:\/\/www.galeriehannabekkervomrath.de\/wp-content\/uploads\/IMG_2778-1-1320x1782.jpg 1320w, https:\/\/www.galeriehannabekkervomrath.de\/wp-content\/uploads\/IMG_2778-1-scaled.jpg 1200w\" sizes=\"auto, (max-width: 296px) 100vw, 296px\" \/><\/p>\n\n\t\t<\/div>\n\t<\/div>\n\n\t<div class=\"wpb_text_column wpb_content_element\" >\n\t\t<div class=\"wpb_wrapper\">\n\t\t\t<h1><a href=\"https:\/\/www.galeriehannabekkervomrath.de\/en\/winand-victor\/\">Winand Victor<\/a><\/h1>\n<p><img loading=\"lazy\" decoding=\"async\" class=\"alignnone size-full wp-image-5907\" src=\"https:\/\/www.galeriehannabekkervomrath.de\/wp-content\/uploads\/Roter_Mantel-2-1.jpg\" alt=\"\" width=\"240\" height=\"347\" srcset=\"https:\/\/www.galeriehannabekkervomrath.de\/wp-content\/uploads\/Roter_Mantel-2-1.jpg 240w, https:\/\/www.galeriehannabekkervomrath.de\/wp-content\/uploads\/Roter_Mantel-2-1-104x150.jpg 104w, https:\/\/www.galeriehannabekkervomrath.de\/wp-content\/uploads\/Roter_Mantel-2-1-8x12.jpg 8w\" sizes=\"auto, (max-width: 240px) 100vw, 240px\" \/><\/p>\n\n\t\t<\/div>\n\t<\/div>\n<\/div><\/div><\/div><div class=\"wpb_column vc_column_container vc_col-sm-2\"><div class=\"vc_column-inner\"><div class=\"wpb_wrapper\">\n\t<div class=\"wpb_text_column wpb_content_element\" >\n\t\t<div class=\"wpb_wrapper\">\n\t\t\t<h1><a href=\"https:\/\/www.galeriehannabekkervomrath.de\/en\/helene-de-beauvoir\/\">H\u00e9l\u00e8ne de Beauvoir<\/a><\/h1>\n<p><img loading=\"lazy\" decoding=\"async\" class=\"alignnone size-medium wp-image-5873\" src=\"https:\/\/www.galeriehannabekkervomrath.de\/wp-content\/uploads\/19_Klagelied-1-400x297.jpg\" alt=\"\" width=\"400\" height=\"297\" srcset=\"https:\/\/www.galeriehannabekkervomrath.de\/wp-content\/uploads\/19_Klagelied-1-400x297.jpg 400w, https:\/\/www.galeriehannabekkervomrath.de\/wp-content\/uploads\/19_Klagelied-1-200x150.jpg 200w, https:\/\/www.galeriehannabekkervomrath.de\/wp-content\/uploads\/19_Klagelied-1-16x12.jpg 16w, https:\/\/www.galeriehannabekkervomrath.de\/wp-content\/uploads\/19_Klagelied-1.jpg 597w\" sizes=\"auto, (max-width: 400px) 100vw, 400px\" \/><\/p>\n\n\t\t<\/div>\n\t<\/div>\n\n\t<div class=\"wpb_text_column wpb_content_element\" >\n\t\t<div class=\"wpb_wrapper\">\n\t\t\t<h1><a href=\"https:\/\/www.galeriehannabekkervomrath.de\/en\/geyger-2\/\">Johann Georg Geyger<\/a><\/h1>\n<p><img loading=\"lazy\" decoding=\"async\" class=\"alignnone size-medium wp-image-5878\" src=\"https:\/\/www.galeriehannabekkervomrath.de\/wp-content\/uploads\/geyger-ANNA-306x400.jpg\" alt=\"\" width=\"306\" height=\"400\" srcset=\"https:\/\/www.galeriehannabekkervomrath.de\/wp-content\/uploads\/geyger-ANNA-306x400.jpg 306w, https:\/\/www.galeriehannabekkervomrath.de\/wp-content\/uploads\/geyger-ANNA-841x1100.jpg 841w, https:\/\/www.galeriehannabekkervomrath.de\/wp-content\/uploads\/geyger-ANNA-115x150.jpg 115w, https:\/\/www.galeriehannabekkervomrath.de\/wp-content\/uploads\/geyger-ANNA-768x1004.jpg 768w, https:\/\/www.galeriehannabekkervomrath.de\/wp-content\/uploads\/geyger-ANNA-1174x1536.jpg 1174w, https:\/\/www.galeriehannabekkervomrath.de\/wp-content\/uploads\/geyger-ANNA-1566x2048.jpg 1566w, https:\/\/www.galeriehannabekkervomrath.de\/wp-content\/uploads\/geyger-ANNA-9x12.jpg 9w, https:\/\/www.galeriehannabekkervomrath.de\/wp-content\/uploads\/geyger-ANNA-1320x1726.jpg 1320w, https:\/\/www.galeriehannabekkervomrath.de\/wp-content\/uploads\/geyger-ANNA-scaled.jpg 1200w\" sizes=\"auto, (max-width: 306px) 100vw, 306px\" \/><\/p>\n\n\t\t<\/div>\n\t<\/div>\n\n\t<div class=\"wpb_text_column wpb_content_element\" >\n\t\t<div class=\"wpb_wrapper\">\n\t\t\t<h1><a href=\"https:\/\/www.galeriehannabekkervomrath.de\/en\/holmead\/\">HOLMEAD<\/a><a href=\"https:\/\/www.galeriehannabekkervomrath.de\/en\/holmead\/\"><img loading=\"lazy\" decoding=\"async\" class=\"alignnone size-medium wp-image-5884\" src=\"https:\/\/www.galeriehannabekkervomrath.de\/wp-content\/uploads\/holmead-kopf-1-298x400.jpg\" alt=\"\" width=\"298\" height=\"400\" srcset=\"https:\/\/www.galeriehannabekkervomrath.de\/wp-content\/uploads\/holmead-kopf-1-298x400.jpg 298w, https:\/\/www.galeriehannabekkervomrath.de\/wp-content\/uploads\/holmead-kopf-1-820x1100.jpg 820w, https:\/\/www.galeriehannabekkervomrath.de\/wp-content\/uploads\/holmead-kopf-1-112x150.jpg 112w, https:\/\/www.galeriehannabekkervomrath.de\/wp-content\/uploads\/holmead-kopf-1-768x1030.jpg 768w, https:\/\/www.galeriehannabekkervomrath.de\/wp-content\/uploads\/holmead-kopf-1-1145x1536.jpg 1145w, https:\/\/www.galeriehannabekkervomrath.de\/wp-content\/uploads\/holmead-kopf-1-9x12.jpg 9w, https:\/\/www.galeriehannabekkervomrath.de\/wp-content\/uploads\/holmead-kopf-1.jpg 1200w\" sizes=\"auto, (max-width: 298px) 100vw, 298px\" \/><\/a><\/h1>\n\n\t\t<\/div>\n\t<\/div>\n\n\t<div class=\"wpb_text_column wpb_content_element\" >\n\t\t<div class=\"wpb_wrapper\">\n\t\t\t<h1><a href=\"https:\/\/www.galeriehannabekkervomrath.de\/en\/ludwig-meidner\/\">Ludwig Meidner<\/a><\/h1>\n<p><img loading=\"lazy\" decoding=\"async\" class=\"alignnone size-medium wp-image-5889\" src=\"https:\/\/www.galeriehannabekkervomrath.de\/wp-content\/uploads\/Meidner_VisiondesApostelPaulus_1919-1-295x400.jpg\" alt=\"\" width=\"295\" height=\"400\" srcset=\"https:\/\/www.galeriehannabekkervomrath.de\/wp-content\/uploads\/Meidner_VisiondesApostelPaulus_1919-1-295x400.jpg 295w, https:\/\/www.galeriehannabekkervomrath.de\/wp-content\/uploads\/Meidner_VisiondesApostelPaulus_1919-1-811x1100.jpg 811w, https:\/\/www.galeriehannabekkervomrath.de\/wp-content\/uploads\/Meidner_VisiondesApostelPaulus_1919-1-111x150.jpg 111w, https:\/\/www.galeriehannabekkervomrath.de\/wp-content\/uploads\/Meidner_VisiondesApostelPaulus_1919-1-768x1042.jpg 768w, https:\/\/www.galeriehannabekkervomrath.de\/wp-content\/uploads\/Meidner_VisiondesApostelPaulus_1919-1-1133x1536.jpg 1133w, https:\/\/www.galeriehannabekkervomrath.de\/wp-content\/uploads\/Meidner_VisiondesApostelPaulus_1919-1-1510x2048.jpg 1510w, https:\/\/www.galeriehannabekkervomrath.de\/wp-content\/uploads\/Meidner_VisiondesApostelPaulus_1919-1-9x12.jpg 9w, https:\/\/www.galeriehannabekkervomrath.de\/wp-content\/uploads\/Meidner_VisiondesApostelPaulus_1919-1-1320x1790.jpg 1320w, https:\/\/www.galeriehannabekkervomrath.de\/wp-content\/uploads\/Meidner_VisiondesApostelPaulus_1919-1-scaled.jpg 1200w\" sizes=\"auto, (max-width: 295px) 100vw, 295px\" \/><\/p>\n\n\t\t<\/div>\n\t<\/div>\n\n\t<div class=\"wpb_text_column wpb_content_element\" >\n\t\t<div class=\"wpb_wrapper\">\n\t\t\t<h1><a href=\"https:\/\/www.galeriehannabekkervomrath.de\/en\/thomas-roth\/\">Thomas Roth<\/a><\/h1>\n<p><img loading=\"lazy\" decoding=\"async\" class=\"alignnone size-medium wp-image-5895\" src=\"https:\/\/www.galeriehannabekkervomrath.de\/wp-content\/uploads\/stuhl-400x301.jpg\" alt=\"\" width=\"400\" height=\"301\" srcset=\"https:\/\/www.galeriehannabekkervomrath.de\/wp-content\/uploads\/stuhl-400x301.jpg 400w, https:\/\/www.galeriehannabekkervomrath.de\/wp-content\/uploads\/stuhl-200x150.jpg 200w, https:\/\/www.galeriehannabekkervomrath.de\/wp-content\/uploads\/stuhl-768x578.jpg 768w, https:\/\/www.galeriehannabekkervomrath.de\/wp-content\/uploads\/stuhl-16x12.jpg 16w, https:\/\/www.galeriehannabekkervomrath.de\/wp-content\/uploads\/stuhl.jpg 1046w\" sizes=\"auto, (max-width: 400px) 100vw, 400px\" \/><\/p>\n\n\t\t<\/div>\n\t<\/div>\n\n\t<div class=\"wpb_text_column wpb_content_element\" >\n\t\t<div class=\"wpb_wrapper\">\n\t\t\t<h1><a href=\"https:\/\/www.galeriehannabekkervomrath.de\/en\/stoll\/\">Artur Stoll<\/a><\/h1>\n<p><img loading=\"lazy\" decoding=\"async\" class=\"alignnone size-medium wp-image-5902\" src=\"https:\/\/www.galeriehannabekkervomrath.de\/wp-content\/uploads\/7_DeNorso_Reifen1990-400x300.jpg\" alt=\"\" width=\"400\" height=\"300\" srcset=\"https:\/\/www.galeriehannabekkervomrath.de\/wp-content\/uploads\/7_DeNorso_Reifen1990-400x300.jpg 400w, https:\/\/www.galeriehannabekkervomrath.de\/wp-content\/uploads\/7_DeNorso_Reifen1990-1100x826.jpg 1100w, https:\/\/www.galeriehannabekkervomrath.de\/wp-content\/uploads\/7_DeNorso_Reifen1990-200x150.jpg 200w, https:\/\/www.galeriehannabekkervomrath.de\/wp-content\/uploads\/7_DeNorso_Reifen1990-768x576.jpg 768w, https:\/\/www.galeriehannabekkervomrath.de\/wp-content\/uploads\/7_DeNorso_Reifen1990-1536x1153.jpg 1536w, https:\/\/www.galeriehannabekkervomrath.de\/wp-content\/uploads\/7_DeNorso_Reifen1990-2048x1537.jpg 2048w, https:\/\/www.galeriehannabekkervomrath.de\/wp-content\/uploads\/7_DeNorso_Reifen1990-16x12.jpg 16w, https:\/\/www.galeriehannabekkervomrath.de\/wp-content\/uploads\/7_DeNorso_Reifen1990-1320x991.jpg 1320w, https:\/\/www.galeriehannabekkervomrath.de\/wp-content\/uploads\/7_DeNorso_Reifen1990-scaled.jpg 1599w\" sizes=\"auto, (max-width: 400px) 100vw, 400px\" \/><\/p>\n\n\t\t<\/div>\n\t<\/div>\n\n\t<div class=\"wpb_text_column wpb_content_element\" >\n\t\t<div class=\"wpb_wrapper\">\n\t\t\t<h1><a href=\"https:\/\/www.galeriehannabekkervomrath.de\/en\/ernst-weil\/\">Ernst Weil<\/a><\/h1>\n<p><img loading=\"lazy\" decoding=\"async\" class=\"alignnone size-medium wp-image-5931\" src=\"https:\/\/www.galeriehannabekkervomrath.de\/wp-content\/uploads\/Weil_Spiegelung-146x114-1972-1-318x400.jpg\" alt=\"\" width=\"318\" height=\"400\" srcset=\"https:\/\/www.galeriehannabekkervomrath.de\/wp-content\/uploads\/Weil_Spiegelung-146x114-1972-1-318x400.jpg 318w, https:\/\/www.galeriehannabekkervomrath.de\/wp-content\/uploads\/Weil_Spiegelung-146x114-1972-1-874x1100.jpg 874w, https:\/\/www.galeriehannabekkervomrath.de\/wp-content\/uploads\/Weil_Spiegelung-146x114-1972-1-119x150.jpg 119w, https:\/\/www.galeriehannabekkervomrath.de\/wp-content\/uploads\/Weil_Spiegelung-146x114-1972-1-768x967.jpg 768w, https:\/\/www.galeriehannabekkervomrath.de\/wp-content\/uploads\/Weil_Spiegelung-146x114-1972-1-1220x1536.jpg 1220w, https:\/\/www.galeriehannabekkervomrath.de\/wp-content\/uploads\/Weil_Spiegelung-146x114-1972-1-1627x2048.jpg 1627w, https:\/\/www.galeriehannabekkervomrath.de\/wp-content\/uploads\/Weil_Spiegelung-146x114-1972-1-10x12.jpg 10w, https:\/\/www.galeriehannabekkervomrath.de\/wp-content\/uploads\/Weil_Spiegelung-146x114-1972-1-1320x1661.jpg 1320w, https:\/\/www.galeriehannabekkervomrath.de\/wp-content\/uploads\/Weil_Spiegelung-146x114-1972-1-scaled.jpg 1200w\" sizes=\"auto, (max-width: 318px) 100vw, 318px\" \/><\/p>\n\n\t\t<\/div>\n\t<\/div>\n<\/div><\/div><\/div><div class=\"wpb_column vc_column_container vc_col-sm-2\"><div class=\"vc_column-inner\"><div class=\"wpb_wrapper\">\n\t<div class=\"wpb_text_column wpb_content_element\" >\n\t\t<div class=\"wpb_wrapper\">\n\t\t\t<h1><a href=\"https:\/\/www.galeriehannabekkervomrath.de\/en\/hanna-bekker\/\">Hanna Bekker<\/a><\/h1>\n<p><img loading=\"lazy\" decoding=\"async\" class=\"alignnone size-medium wp-image-5874\" src=\"https:\/\/www.galeriehannabekkervomrath.de\/wp-content\/uploads\/Hyazinthen-2-356x400.jpg\" alt=\"\" width=\"356\" height=\"400\" srcset=\"https:\/\/www.galeriehannabekkervomrath.de\/wp-content\/uploads\/Hyazinthen-2-356x400.jpg 356w, https:\/\/www.galeriehannabekkervomrath.de\/wp-content\/uploads\/Hyazinthen-2-133x150.jpg 133w, https:\/\/www.galeriehannabekkervomrath.de\/wp-content\/uploads\/Hyazinthen-2-11x12.jpg 11w, https:\/\/www.galeriehannabekkervomrath.de\/wp-content\/uploads\/Hyazinthen-2.jpg 686w\" sizes=\"auto, (max-width: 356px) 100vw, 356px\" \/><\/p>\n\n\t\t<\/div>\n\t<\/div>\n\n\t<div class=\"wpb_text_column wpb_content_element\" >\n\t\t<div class=\"wpb_wrapper\">\n\t\t\t<h1><a href=\"https:\/\/www.galeriehannabekkervomrath.de\/en\/ev-grueger\/\">Ev Gr\u00fcger<\/a><\/h1>\n<p><img loading=\"lazy\" decoding=\"async\" class=\"alignnone size-medium wp-image-5879\" src=\"https:\/\/www.galeriehannabekkervomrath.de\/wp-content\/uploads\/unter-baeumen-400x316.jpg\" alt=\"\" width=\"400\" height=\"316\" srcset=\"https:\/\/www.galeriehannabekkervomrath.de\/wp-content\/uploads\/unter-baeumen-400x316.jpg 400w, https:\/\/www.galeriehannabekkervomrath.de\/wp-content\/uploads\/unter-baeumen-1100x870.jpg 1100w, https:\/\/www.galeriehannabekkervomrath.de\/wp-content\/uploads\/unter-baeumen-190x150.jpg 190w, https:\/\/www.galeriehannabekkervomrath.de\/wp-content\/uploads\/unter-baeumen-768x607.jpg 768w, https:\/\/www.galeriehannabekkervomrath.de\/wp-content\/uploads\/unter-baeumen-1536x1214.jpg 1536w, https:\/\/www.galeriehannabekkervomrath.de\/wp-content\/uploads\/unter-baeumen-2048x1619.jpg 2048w, https:\/\/www.galeriehannabekkervomrath.de\/wp-content\/uploads\/unter-baeumen-15x12.jpg 15w, https:\/\/www.galeriehannabekkervomrath.de\/wp-content\/uploads\/unter-baeumen-1320x1044.jpg 1320w, https:\/\/www.galeriehannabekkervomrath.de\/wp-content\/uploads\/unter-baeumen-scaled.jpg 1518w\" sizes=\"auto, (max-width: 400px) 100vw, 400px\" \/><\/p>\n\n\t\t<\/div>\n\t<\/div>\n\n\t<div class=\"wpb_text_column wpb_content_element\" >\n\t\t<div class=\"wpb_wrapper\">\n\t\t\t<h1><a href=\"https:\/\/www.galeriehannabekkervomrath.de\/en\/robert-kluempen\/\">Robert Kl\u00fcmpen<\/a><\/h1>\n<p><img loading=\"lazy\" decoding=\"async\" class=\"alignnone size-medium wp-image-5865\" src=\"https:\/\/www.galeriehannabekkervomrath.de\/wp-content\/uploads\/15_R.Kluempen-010-280x400.jpg\" alt=\"\" width=\"280\" height=\"400\" srcset=\"https:\/\/www.galeriehannabekkervomrath.de\/wp-content\/uploads\/15_R.Kluempen-010-280x400.jpg 280w, https:\/\/www.galeriehannabekkervomrath.de\/wp-content\/uploads\/15_R.Kluempen-010-770x1100.jpg 770w, https:\/\/www.galeriehannabekkervomrath.de\/wp-content\/uploads\/15_R.Kluempen-010-105x150.jpg 105w, https:\/\/www.galeriehannabekkervomrath.de\/wp-content\/uploads\/15_R.Kluempen-010-768x1097.jpg 768w, https:\/\/www.galeriehannabekkervomrath.de\/wp-content\/uploads\/15_R.Kluempen-010-1075x1536.jpg 1075w, https:\/\/www.galeriehannabekkervomrath.de\/wp-content\/uploads\/15_R.Kluempen-010-1434x2048.jpg 1434w, https:\/\/www.galeriehannabekkervomrath.de\/wp-content\/uploads\/15_R.Kluempen-010-8x12.jpg 8w, https:\/\/www.galeriehannabekkervomrath.de\/wp-content\/uploads\/15_R.Kluempen-010-1320x1886.jpg 1320w, https:\/\/www.galeriehannabekkervomrath.de\/wp-content\/uploads\/15_R.Kluempen-010-scaled.jpg 1200w\" sizes=\"auto, (max-width: 280px) 100vw, 280px\" \/><\/p>\n\n\t\t<\/div>\n\t<\/div>\n\n\t<div class=\"wpb_text_column wpb_content_element\" >\n\t\t<div class=\"wpb_wrapper\">\n\t\t\t<h1><a href=\"https:\/\/www.galeriehannabekkervomrath.de\/en\/willy-meyer-osburg\/\">Willy Meyer-Osburg<\/a><\/h1>\n<p><img loading=\"lazy\" decoding=\"async\" class=\"alignnone size-medium wp-image-5890\" src=\"https:\/\/www.galeriehannabekkervomrath.de\/wp-content\/uploads\/MO_Gouache__1996-302x400.jpg\" alt=\"\" width=\"302\" height=\"400\" srcset=\"https:\/\/www.galeriehannabekkervomrath.de\/wp-content\/uploads\/MO_Gouache__1996-302x400.jpg 302w, https:\/\/www.galeriehannabekkervomrath.de\/wp-content\/uploads\/MO_Gouache__1996-830x1100.jpg 830w, https:\/\/www.galeriehannabekkervomrath.de\/wp-content\/uploads\/MO_Gouache__1996-113x150.jpg 113w, https:\/\/www.galeriehannabekkervomrath.de\/wp-content\/uploads\/MO_Gouache__1996-768x1017.jpg 768w, https:\/\/www.galeriehannabekkervomrath.de\/wp-content\/uploads\/MO_Gouache__1996-1160x1536.jpg 1160w, https:\/\/www.galeriehannabekkervomrath.de\/wp-content\/uploads\/MO_Gouache__1996-1546x2048.jpg 1546w, https:\/\/www.galeriehannabekkervomrath.de\/wp-content\/uploads\/MO_Gouache__1996-9x12.jpg 9w, https:\/\/www.galeriehannabekkervomrath.de\/wp-content\/uploads\/MO_Gouache__1996-1320x1749.jpg 1320w, https:\/\/www.galeriehannabekkervomrath.de\/wp-content\/uploads\/MO_Gouache__1996-scaled.jpg 1200w\" sizes=\"auto, (max-width: 302px) 100vw, 302px\" \/><\/p>\n\n\t\t<\/div>\n\t<\/div>\n\n\t<div class=\"wpb_text_column wpb_content_element\" >\n\t\t<div class=\"wpb_wrapper\">\n\t\t\t<h1><a href=\"https:\/\/www.galeriehannabekkervomrath.de\/en\/renate-sautermeister\/\">Renate Sautermeister<\/a><img loading=\"lazy\" decoding=\"async\" class=\"alignnone size-medium wp-image-5896\" src=\"https:\/\/www.galeriehannabekkervomrath.de\/wp-content\/uploads\/1981_Erinnerungen_II_Acryl-auf-Leinwand_105x130cm-400x306.jpg\" alt=\"\" width=\"400\" height=\"306\" srcset=\"https:\/\/www.galeriehannabekkervomrath.de\/wp-content\/uploads\/1981_Erinnerungen_II_Acryl-auf-Leinwand_105x130cm-400x306.jpg 400w, https:\/\/www.galeriehannabekkervomrath.de\/wp-content\/uploads\/1981_Erinnerungen_II_Acryl-auf-Leinwand_105x130cm-1100x841.jpg 1100w, https:\/\/www.galeriehannabekkervomrath.de\/wp-content\/uploads\/1981_Erinnerungen_II_Acryl-auf-Leinwand_105x130cm-196x150.jpg 196w, https:\/\/www.galeriehannabekkervomrath.de\/wp-content\/uploads\/1981_Erinnerungen_II_Acryl-auf-Leinwand_105x130cm-768x587.jpg 768w, https:\/\/www.galeriehannabekkervomrath.de\/wp-content\/uploads\/1981_Erinnerungen_II_Acryl-auf-Leinwand_105x130cm-16x12.jpg 16w, https:\/\/www.galeriehannabekkervomrath.de\/wp-content\/uploads\/1981_Erinnerungen_II_Acryl-auf-Leinwand_105x130cm.jpg 1200w\" sizes=\"auto, (max-width: 400px) 100vw, 400px\" \/><\/h1>\n\n\t\t<\/div>\n\t<\/div>\n\n\t<div class=\"wpb_text_column wpb_content_element\" >\n\t\t<div class=\"wpb_wrapper\">\n\t\t\t<h1><a href=\"https:\/\/www.galeriehannabekkervomrath.de\/en\/hans-ticha\/\">Hans Ticha<\/a><a href=\"https:\/\/www.galeriehannabekkervomrath.de\/en\/hans-ticha\/\"><img loading=\"lazy\" decoding=\"async\" class=\"alignnone size-medium wp-image-5903\" src=\"https:\/\/www.galeriehannabekkervomrath.de\/wp-content\/uploads\/h-ticha-1-294x400.jpg\" alt=\"\" width=\"294\" height=\"400\" srcset=\"https:\/\/www.galeriehannabekkervomrath.de\/wp-content\/uploads\/h-ticha-1-294x400.jpg 294w, https:\/\/www.galeriehannabekkervomrath.de\/wp-content\/uploads\/h-ticha-1-809x1100.jpg 809w, https:\/\/www.galeriehannabekkervomrath.de\/wp-content\/uploads\/h-ticha-1-110x150.jpg 110w, https:\/\/www.galeriehannabekkervomrath.de\/wp-content\/uploads\/h-ticha-1-768x1044.jpg 768w, https:\/\/www.galeriehannabekkervomrath.de\/wp-content\/uploads\/h-ticha-1-1130x1536.jpg 1130w, https:\/\/www.galeriehannabekkervomrath.de\/wp-content\/uploads\/h-ticha-1-1507x2048.jpg 1507w, https:\/\/www.galeriehannabekkervomrath.de\/wp-content\/uploads\/h-ticha-1-9x12.jpg 9w, https:\/\/www.galeriehannabekkervomrath.de\/wp-content\/uploads\/h-ticha-1-1320x1794.jpg 1320w, https:\/\/www.galeriehannabekkervomrath.de\/wp-content\/uploads\/h-ticha-1-scaled.jpg 1200w\" sizes=\"auto, (max-width: 294px) 100vw, 294px\" \/><\/a><\/h1>\n\n\t\t<\/div>\n\t<\/div>\n\n\t<div class=\"wpb_text_column wpb_content_element\" >\n\t\t<div class=\"wpb_wrapper\">\n\t\t\t<h1><a href=\"https:\/\/www.galeriehannabekkervomrath.de\/en\/erich-werner\/\">Erich Werner<\/a><\/h1>\n<p><img loading=\"lazy\" decoding=\"async\" class=\"alignnone size-medium wp-image-5909\" src=\"https:\/\/www.galeriehannabekkervomrath.de\/wp-content\/uploads\/IMG_5945-1-280x400.jpg\" alt=\"\" width=\"280\" height=\"400\" srcset=\"https:\/\/www.galeriehannabekkervomrath.de\/wp-content\/uploads\/IMG_5945-1-280x400.jpg 280w, https:\/\/www.galeriehannabekkervomrath.de\/wp-content\/uploads\/IMG_5945-1-770x1100.jpg 770w, https:\/\/www.galeriehannabekkervomrath.de\/wp-content\/uploads\/IMG_5945-1-105x150.jpg 105w, https:\/\/www.galeriehannabekkervomrath.de\/wp-content\/uploads\/IMG_5945-1-768x1097.jpg 768w, https:\/\/www.galeriehannabekkervomrath.de\/wp-content\/uploads\/IMG_5945-1-1075x1536.jpg 1075w, https:\/\/www.galeriehannabekkervomrath.de\/wp-content\/uploads\/IMG_5945-1-1434x2048.jpg 1434w, https:\/\/www.galeriehannabekkervomrath.de\/wp-content\/uploads\/IMG_5945-1-8x12.jpg 8w, https:\/\/www.galeriehannabekkervomrath.de\/wp-content\/uploads\/IMG_5945-1-1320x1886.jpg 1320w, https:\/\/www.galeriehannabekkervomrath.de\/wp-content\/uploads\/IMG_5945-1.jpg 1200w\" sizes=\"auto, (max-width: 280px) 100vw, 280px\" \/><\/p>\n\n\t\t<\/div>\n\t<\/div>\n<\/div><\/div><\/div><\/div>\n<\/div>","protected":false},"excerpt":{"rendered":"<p>Rudolf Alexander Agricola Gabriele Aulehla Heinz Battke Harald de Bary H\u00e9l\u00e8ne de Beauvoir Hanna Bekker Ella Bergmann-Michel Mara Eggert Roberto Fabelo Alexander von Falkenhausen Ottomar Gassenmeyer Johann Georg...<\/p>","protected":false},"author":1,"featured_media":0,"parent":0,"menu_order":0,"comment_status":"closed","ping_status":"closed","template":"","meta":{"footnotes":""},"class_list":["post-40","page","type-page","status-publish","hentry","description-off"],"yoast_head":"<!-- This site is optimized with the Yoast SEO plugin v27.5 - https:\/\/yoast.com\/product\/yoast-seo-wordpress\/ -->\n<title>K\u00dcNSTLER DER GALERIE - Galerie Hanna Bekker vom Rath<\/title>\n<meta name=\"description\" content=\"R.A. Agricola, Elvira Bach, Heinz Battke, H\u00e9l\u00e8ne de Beauvoir, hHanna Bekker vom Rath, J.G. Geyger, Georg Heck, Holmead, Ida Kerkovius, Florian K\u00f6hler, Doro Koidl, Oskar Kolb, Karl Kunz, Ludwig Meidner, Willy Meyer-Osburg, Rudolf Nicolai, Stefan Plenkers, Wanda Pratschke, Eberhard Steneberg, Artur Stoll, Karl Tratt, Winand Victor, Erich Werner\" \/>\n<meta name=\"robots\" content=\"index, follow, max-snippet:-1, max-image-preview:large, max-video-preview:-1\" \/>\n<link rel=\"canonical\" href=\"https:\/\/www.galeriehannabekkervomrath.de\/en\/kuenstlerliste\/\" \/>\n<meta property=\"og:locale\" content=\"en_US\" \/>\n<meta property=\"og:type\" content=\"article\" \/>\n<meta property=\"og:title\" content=\"K\u00dcNSTLER DER GALERIE - Galerie Hanna Bekker vom Rath\" \/>\n<meta property=\"og:description\" content=\"R.A. Agricola, Elvira Bach, Heinz Battke, H\u00e9l\u00e8ne de Beauvoir, hHanna Bekker vom Rath, J.G. Geyger, Georg Heck, Holmead, Ida Kerkovius, Florian K\u00f6hler, Doro Koidl, Oskar Kolb, Karl Kunz, Ludwig Meidner, Willy Meyer-Osburg, Rudolf Nicolai, Stefan Plenkers, Wanda Pratschke, Eberhard Steneberg, Artur Stoll, Karl Tratt, Winand Victor, Erich Werner\" \/>\n<meta property=\"og:url\" content=\"https:\/\/www.galeriehannabekkervomrath.de\/en\/kuenstlerliste\/\" \/>\n<meta property=\"og:site_name\" content=\"Galerie Hanna Bekker vom Rath\" \/>\n<meta property=\"article:publisher\" content=\"https:\/\/www.facebook.com\/galeriehannabekkervomrath\/\" \/>\n<meta property=\"article:modified_time\" content=\"2025-01-24T11:42:02+00:00\" \/>\n<meta property=\"og:image\" content=\"https:\/\/www.galeriehannabekkervomrath.de\/wp-content\/uploads\/Agricola-Huhn-2-scaled.jpg\" \/>\n\t<meta property=\"og:image:width\" content=\"1200\" \/>\n\t<meta property=\"og:image:height\" content=\"1340\" \/>\n\t<meta property=\"og:image:type\" content=\"image\/jpeg\" \/>\n<meta name=\"twitter:card\" content=\"summary_large_image\" \/>\n<meta name=\"twitter:label1\" content=\"Est. reading time\" \/>\n\t<meta name=\"twitter:data1\" content=\"11 minutes\" \/>\n<script type=\"application\/ld+json\" class=\"yoast-schema-graph\">{\"@context\":\"https:\\\/\\\/schema.org\",\"@graph\":[{\"@type\":\"WebPage\",\"@id\":\"https:\\\/\\\/www.galeriehannabekkervomrath.de\\\/kuenstlerliste\\\/\",\"url\":\"https:\\\/\\\/www.galeriehannabekkervomrath.de\\\/kuenstlerliste\\\/\",\"name\":\"K\u00dcNSTLER DER GALERIE - Galerie Hanna Bekker vom Rath\",\"isPartOf\":{\"@id\":\"https:\\\/\\\/www.galeriehannabekkervomrath.de\\\/#website\"},\"primaryImageOfPage\":{\"@id\":\"https:\\\/\\\/www.galeriehannabekkervomrath.de\\\/kuenstlerliste\\\/#primaryimage\"},\"image\":{\"@id\":\"https:\\\/\\\/www.galeriehannabekkervomrath.de\\\/kuenstlerliste\\\/#primaryimage\"},\"thumbnailUrl\":\"https:\\\/\\\/www.galeriehannabekkervomrath.de\\\/wp-content\\\/uploads\\\/Agricola-Huhn-2-134x150.jpg\",\"datePublished\":\"2015-10-31T20:40:14+00:00\",\"dateModified\":\"2025-01-24T11:42:02+00:00\",\"description\":\"R.A. Agricola, Elvira Bach, Heinz Battke, H\u00e9l\u00e8ne de Beauvoir, hHanna Bekker vom Rath, J.G. Geyger, Georg Heck, Holmead, Ida Kerkovius, Florian K\u00f6hler, Doro Koidl, Oskar Kolb, Karl Kunz, Ludwig Meidner, Willy Meyer-Osburg, Rudolf Nicolai, Stefan Plenkers, Wanda Pratschke, Eberhard Steneberg, Artur Stoll, Karl Tratt, Winand Victor, Erich Werner\",\"breadcrumb\":{\"@id\":\"https:\\\/\\\/www.galeriehannabekkervomrath.de\\\/kuenstlerliste\\\/#breadcrumb\"},\"inLanguage\":\"en-US\",\"potentialAction\":[{\"@type\":\"ReadAction\",\"target\":[\"https:\\\/\\\/www.galeriehannabekkervomrath.de\\\/kuenstlerliste\\\/\"]}]},{\"@type\":\"ImageObject\",\"inLanguage\":\"en-US\",\"@id\":\"https:\\\/\\\/www.galeriehannabekkervomrath.de\\\/kuenstlerliste\\\/#primaryimage\",\"url\":\"https:\\\/\\\/www.galeriehannabekkervomrath.de\\\/wp-content\\\/uploads\\\/Agricola-Huhn-2-134x150.jpg\",\"contentUrl\":\"https:\\\/\\\/www.galeriehannabekkervomrath.de\\\/wp-content\\\/uploads\\\/Agricola-Huhn-2-134x150.jpg\"},{\"@type\":\"BreadcrumbList\",\"@id\":\"https:\\\/\\\/www.galeriehannabekkervomrath.de\\\/kuenstlerliste\\\/#breadcrumb\",\"itemListElement\":[{\"@type\":\"ListItem\",\"position\":1,\"name\":\"Startseite\",\"item\":\"https:\\\/\\\/www.galeriehannabekkervomrath.de\\\/\"},{\"@type\":\"ListItem\",\"position\":2,\"name\":\"K\u00dcNSTLER DER GALERIE\"}]},{\"@type\":\"WebSite\",\"@id\":\"https:\\\/\\\/www.galeriehannabekkervomrath.de\\\/#website\",\"url\":\"https:\\\/\\\/www.galeriehannabekkervomrath.de\\\/\",\"name\":\"Galerie Hanna Bekker vom Rath\",\"description\":\"Frankfurt am Main\",\"publisher\":{\"@id\":\"https:\\\/\\\/www.galeriehannabekkervomrath.de\\\/#organization\"},\"potentialAction\":[{\"@type\":\"SearchAction\",\"target\":{\"@type\":\"EntryPoint\",\"urlTemplate\":\"https:\\\/\\\/www.galeriehannabekkervomrath.de\\\/?s={search_term_string}\"},\"query-input\":{\"@type\":\"PropertyValueSpecification\",\"valueRequired\":true,\"valueName\":\"search_term_string\"}}],\"inLanguage\":\"en-US\"},{\"@type\":\"Organization\",\"@id\":\"https:\\\/\\\/www.galeriehannabekkervomrath.de\\\/#organization\",\"name\":\"Galerie Hanna Bekker vom Rath\",\"url\":\"https:\\\/\\\/www.galeriehannabekkervomrath.de\\\/\",\"logo\":{\"@type\":\"ImageObject\",\"inLanguage\":\"en-US\",\"@id\":\"https:\\\/\\\/www.galeriehannabekkervomrath.de\\\/#\\\/schema\\\/logo\\\/image\\\/\",\"url\":\"https:\\\/\\\/www.galeriehannabekkervomrath.de\\\/wp-content\\\/uploads\\\/ghbvr_icon.jpg\",\"contentUrl\":\"https:\\\/\\\/www.galeriehannabekkervomrath.de\\\/wp-content\\\/uploads\\\/ghbvr_icon.jpg\",\"width\":512,\"height\":512,\"caption\":\"Galerie Hanna Bekker vom Rath\"},\"image\":{\"@id\":\"https:\\\/\\\/www.galeriehannabekkervomrath.de\\\/#\\\/schema\\\/logo\\\/image\\\/\"},\"sameAs\":[\"https:\\\/\\\/www.facebook.com\\\/galeriehannabekkervomrath\\\/\",\"https:\\\/\\\/www.instagram.com\\\/galeriehbvr\\\/\"]}]}<\/script>\n<!-- \/ Yoast SEO plugin. -->","yoast_head_json":{"title":"ARTISTS OF THE GALLERY - Galerie Hanna Bekker vom Rath","description":"R.A. Agricola, Elvira Bach, Heinz Battke, H\u00e9l\u00e8ne de Beauvoir, hHanna Bekker vom Rath, J.G. Geyger, Georg Heck, Holmead, Ida Kerkovius, Florian K\u00f6hler, Doro Koidl, Oskar Kolb, Karl Kunz, Ludwig Meidner, Willy Meyer-Osburg, Rudolf Nicolai, Stefan Plenkers, Wanda Pratschke, Eberhard Steneberg, Artur Stoll, Karl Tratt, Winand Victor, Erich Werner","robots":{"index":"index","follow":"follow","max-snippet":"max-snippet:-1","max-image-preview":"max-image-preview:large","max-video-preview":"max-video-preview:-1"},"canonical":"https:\/\/www.galeriehannabekkervomrath.de\/en\/kuenstlerliste\/","og_locale":"en_US","og_type":"article","og_title":"K\u00dcNSTLER DER GALERIE - Galerie Hanna Bekker vom Rath","og_description":"R.A. Agricola, Elvira Bach, Heinz Battke, H\u00e9l\u00e8ne de Beauvoir, hHanna Bekker vom Rath, J.G. Geyger, Georg Heck, Holmead, Ida Kerkovius, Florian K\u00f6hler, Doro Koidl, Oskar Kolb, Karl Kunz, Ludwig Meidner, Willy Meyer-Osburg, Rudolf Nicolai, Stefan Plenkers, Wanda Pratschke, Eberhard Steneberg, Artur Stoll, Karl Tratt, Winand Victor, Erich Werner","og_url":"https:\/\/www.galeriehannabekkervomrath.de\/en\/kuenstlerliste\/","og_site_name":"Galerie Hanna Bekker vom Rath","article_publisher":"https:\/\/www.facebook.com\/galeriehannabekkervomrath\/","article_modified_time":"2025-01-24T11:42:02+00:00","og_image":[{"width":1200,"height":1340,"url":"https:\/\/www.galeriehannabekkervomrath.de\/wp-content\/uploads\/Agricola-Huhn-2-scaled.jpg","type":"image\/jpeg"}],"twitter_card":"summary_large_image","twitter_misc":{"Est. reading time":"11 minutes"},"schema":{"@context":"https:\/\/schema.org","@graph":[{"@type":"WebPage","@id":"https:\/\/www.galeriehannabekkervomrath.de\/kuenstlerliste\/","url":"https:\/\/www.galeriehannabekkervomrath.de\/kuenstlerliste\/","name":"ARTISTS OF THE GALLERY - Galerie Hanna Bekker vom Rath","isPartOf":{"@id":"https:\/\/www.galeriehannabekkervomrath.de\/#website"},"primaryImageOfPage":{"@id":"https:\/\/www.galeriehannabekkervomrath.de\/kuenstlerliste\/#primaryimage"},"image":{"@id":"https:\/\/www.galeriehannabekkervomrath.de\/kuenstlerliste\/#primaryimage"},"thumbnailUrl":"https:\/\/www.galeriehannabekkervomrath.de\/wp-content\/uploads\/Agricola-Huhn-2-134x150.jpg","datePublished":"2015-10-31T20:40:14+00:00","dateModified":"2025-01-24T11:42:02+00:00","description":"R.A. Agricola, Elvira Bach, Heinz Battke, H\u00e9l\u00e8ne de Beauvoir, hHanna Bekker vom Rath, J.G. Geyger, Georg Heck, Holmead, Ida Kerkovius, Florian K\u00f6hler, Doro Koidl, Oskar Kolb, Karl Kunz, Ludwig Meidner, Willy Meyer-Osburg, Rudolf Nicolai, Stefan Plenkers, Wanda Pratschke, Eberhard Steneberg, Artur Stoll, Karl Tratt, Winand Victor, Erich Werner","breadcrumb":{"@id":"https:\/\/www.galeriehannabekkervomrath.de\/kuenstlerliste\/#breadcrumb"},"inLanguage":"en-US","potentialAction":[{"@type":"ReadAction","target":["https:\/\/www.galeriehannabekkervomrath.de\/kuenstlerliste\/"]}]},{"@type":"ImageObject","inLanguage":"en-US","@id":"https:\/\/www.galeriehannabekkervomrath.de\/kuenstlerliste\/#primaryimage","url":"https:\/\/www.galeriehannabekkervomrath.de\/wp-content\/uploads\/Agricola-Huhn-2-134x150.jpg","contentUrl":"https:\/\/www.galeriehannabekkervomrath.de\/wp-content\/uploads\/Agricola-Huhn-2-134x150.jpg"},{"@type":"BreadcrumbList","@id":"https:\/\/www.galeriehannabekkervomrath.de\/kuenstlerliste\/#breadcrumb","itemListElement":[{"@type":"ListItem","position":1,"name":"Startseite","item":"https:\/\/www.galeriehannabekkervomrath.de\/"},{"@type":"ListItem","position":2,"name":"K\u00dcNSTLER DER GALERIE"}]},{"@type":"WebSite","@id":"https:\/\/www.galeriehannabekkervomrath.de\/#website","url":"https:\/\/www.galeriehannabekkervomrath.de\/","name":"Gallery Hanna Bekker vom Rath","description":"Frankfurt am Main","publisher":{"@id":"https:\/\/www.galeriehannabekkervomrath.de\/#organization"},"potentialAction":[{"@type":"SearchAction","target":{"@type":"EntryPoint","urlTemplate":"https:\/\/www.galeriehannabekkervomrath.de\/?s={search_term_string}"},"query-input":{"@type":"PropertyValueSpecification","valueRequired":true,"valueName":"search_term_string"}}],"inLanguage":"en-US"},{"@type":"Organization","@id":"https:\/\/www.galeriehannabekkervomrath.de\/#organization","name":"Gallery Hanna Bekker vom Rath","url":"https:\/\/www.galeriehannabekkervomrath.de\/","logo":{"@type":"ImageObject","inLanguage":"en-US","@id":"https:\/\/www.galeriehannabekkervomrath.de\/#\/schema\/logo\/image\/","url":"https:\/\/www.galeriehannabekkervomrath.de\/wp-content\/uploads\/ghbvr_icon.jpg","contentUrl":"https:\/\/www.galeriehannabekkervomrath.de\/wp-content\/uploads\/ghbvr_icon.jpg","width":512,"height":512,"caption":"Galerie Hanna Bekker vom Rath"},"image":{"@id":"https:\/\/www.galeriehannabekkervomrath.de\/#\/schema\/logo\/image\/"},"sameAs":["https:\/\/www.facebook.com\/galeriehannabekkervomrath\/","https:\/\/www.instagram.com\/galeriehbvr\/"]}]}},"_links":{"self":[{"href":"https:\/\/www.galeriehannabekkervomrath.de\/en\/wp-json\/wp\/v2\/pages\/40","targetHints":{"allow":["GET"]}}],"collection":[{"href":"https:\/\/www.galeriehannabekkervomrath.de\/en\/wp-json\/wp\/v2\/pages"}],"about":[{"href":"https:\/\/www.galeriehannabekkervomrath.de\/en\/wp-json\/wp\/v2\/types\/page"}],"author":[{"embeddable":true,"href":"https:\/\/www.galeriehannabekkervomrath.de\/en\/wp-json\/wp\/v2\/users\/1"}],"replies":[{"embeddable":true,"href":"https:\/\/www.galeriehannabekkervomrath.de\/en\/wp-json\/wp\/v2\/comments?post=40"}],"version-history":[{"count":13,"href":"https:\/\/www.galeriehannabekkervomrath.de\/en\/wp-json\/wp\/v2\/pages\/40\/revisions"}],"predecessor-version":[{"id":6745,"href":"https:\/\/www.galeriehannabekkervomrath.de\/en\/wp-json\/wp\/v2\/pages\/40\/revisions\/6745"}],"wp:attachment":[{"href":"https:\/\/www.galeriehannabekkervomrath.de\/en\/wp-json\/wp\/v2\/media?parent=40"}],"curies":[{"name":"wp","href":"https:\/\/api.w.org\/{rel}","templated":true}]}}